{"id":46,"date":"2020-08-16T21:58:36","date_gmt":"2020-08-16T19:58:36","guid":{"rendered":"https:\/\/www.prodat.de\/cms\/?page_id=46"},"modified":"2024-03-24T10:16:20","modified_gmt":"2024-03-24T09:16:20","slug":"blog","status":"publish","type":"page","link":"https:\/\/www.prodat.de\/cms\/blog","title":{"rendered":"Blog"},"content":{"rendered":"\n<div class=\"wp-block-group has-border-color has-contrast-border-color has-base-2-color has-text-color has-background has-link-color wp-elements-0497aafb13f445edc65fbe525069ffc3 is-layout-flow wp-block-group-is-layout-flow\" style=\"border-width:1px;border-radius:20px;background:linear-gradient(173deg,rgb(207,202,190) 50%,rgb(71,127,176) 50%);padding-top:var(--wp--preset--spacing--10);padding-right:var(--wp--preset--spacing--20);padding-bottom:var(--wp--preset--spacing--10);padding-left:var(--wp--preset--spacing--20)\">\n<h1 class=\"wp-block-heading has-text-align-center is-style-default has-base-2-color has-text-color has-link-color wp-elements-6548224aba93f20940a075f36253ea83\" style=\"font-style:normal;font-weight:800\">Nachrichten, Beitr\u00e4ge &amp; Aktuelles &#8211; <br>im PRODAT Blog<\/h1>\n<\/div>\n\n\n\n<div class=\"wp-block-group has-global-padding is-layout-constrained wp-container-core-group-layout-4 wp-block-group-is-layout-constrained\">\n<div class=\"wp-block-columns is-layout-flex wp-container-core-columns-layout-1 wp-block-columns-is-layout-flex\" style=\"padding-right:0;padding-left:0\">\n<div class=\"wp-block-column is-vertically-aligned-stretch is-layout-flow wp-block-column-is-layout-flow\" style=\"flex-basis:50%\">\n<div class=\"wp-block-group has-base-2-background-color has-background is-vertical is-content-justification-left is-layout-flex wp-container-core-group-layout-2 wp-block-group-is-layout-flex\" style=\"border-radius:20px;padding-top:var(--wp--preset--spacing--30);padding-right:var(--wp--preset--spacing--30);padding-bottom:var(--wp--preset--spacing--30);padding-left:var(--wp--preset--spacing--30)\">\n<h3 class=\"wp-block-heading is-style-default\">Kategorien<\/h3>\n\n\n<ul style=\"font-size:clamp(0.875rem, 0.875rem + ((1vw - 0.2rem) * 0.542), 1.2rem);\" class=\"wp-block-categories-list aligncenter wp-block-categories\">\t<li class=\"cat-item cat-item-1\"><a href=\"https:\/\/www.prodat.de\/cms\/cat\/allgemeines-news\">Allgemeines &amp; News<\/a> (11)\n<\/li>\n\t<li class=\"cat-item cat-item-60\"><a href=\"https:\/\/www.prodat.de\/cms\/cat\/bremsprufung\">Bremspr\u00fcfung<\/a> (2)\n<\/li>\n\t<li class=\"cat-item cat-item-66\"><a href=\"https:\/\/www.prodat.de\/cms\/cat\/fe-forschung-und-entwicklung\">F&amp;E Forschung und Entwicklung<\/a> (5)\n<\/li>\n\t<li class=\"cat-item cat-item-54\"><a href=\"https:\/\/www.prodat.de\/cms\/cat\/hintergrundwissen\">Hintergrundwissen<\/a> (3)\n<\/li>\n\t<li class=\"cat-item cat-item-7\"><a href=\"https:\/\/www.prodat.de\/cms\/en\/cat\/nicht-kategorisiert-en\">Nicht kategorisiert<\/a> (0)\n<\/li>\n\t<li class=\"cat-item cat-item-11\"><a href=\"https:\/\/www.prodat.de\/cms\/fr\/cat\/nicht-kategorisiert-fr\">Nicht kategorisiert<\/a> (0)\n<\/li>\n\t<li class=\"cat-item cat-item-15\"><a href=\"https:\/\/www.prodat.de\/cms\/cat\/nicht-kategorisiert-es\">Nicht kategorisiert<\/a> (0)\n<\/li>\n<\/ul><\/div>\n<\/div>\n\n\n\n<div class=\"wp-block-column is-vertically-aligned-stretch is-layout-flow wp-block-column-is-layout-flow\" style=\"padding-top:0;padding-right:0;padding-bottom:0;padding-left:0;flex-basis:50%\">\n<div class=\"wp-block-group has-base-2-background-color has-background is-vertical is-content-justification-left is-layout-flex wp-container-core-group-layout-3 wp-block-group-is-layout-flex\" style=\"border-radius:20px;padding-top:var(--wp--preset--spacing--30);padding-right:var(--wp--preset--spacing--30);padding-bottom:var(--wp--preset--spacing--30);padding-left:var(--wp--preset--spacing--30)\">\n<h3 class=\"wp-block-heading is-style-default\">Schlagworte<\/h3>\n\n\n<p class=\"wp-block-tag-cloud\"><a href=\"https:\/\/www.prodat.de\/cms\/tag\/bahn\" class=\"tag-cloud-link tag-link-128 tag-link-position-1\" style=\"font-size: 8pt;\" aria-label=\"bahn (1 item)\">bahn<\/a>\n<a href=\"https:\/\/www.prodat.de\/cms\/tag\/bahnwesen\" class=\"tag-cloud-link tag-link-130 tag-link-position-2\" style=\"font-size: 8pt;\" aria-label=\"bahnwesen (1 item)\">bahnwesen<\/a>\n<a href=\"https:\/\/www.prodat.de\/cms\/tag\/bremsprufung\" class=\"tag-cloud-link tag-link-62 tag-link-position-3\" style=\"font-size: 16.4pt;\" aria-label=\"Bremspr\u00fcfung (2 items)\">Bremspr\u00fcfung<\/a>\n<a href=\"https:\/\/www.prodat.de\/cms\/tag\/dienstleistungen\" class=\"tag-cloud-link tag-link-48 tag-link-position-4\" style=\"font-size: 8pt;\" aria-label=\"Dienstleistungen (1 item)\">Dienstleistungen<\/a>\n<a href=\"https:\/\/www.prodat.de\/cms\/tag\/eisenbahn\" class=\"tag-cloud-link tag-link-126 tag-link-position-5\" style=\"font-size: 8pt;\" aria-label=\"eisenbahn (1 item)\">eisenbahn<\/a>\n<a href=\"https:\/\/www.prodat.de\/cms\/tag\/fe\" class=\"tag-cloud-link tag-link-40 tag-link-position-6\" style=\"font-size: 22pt;\" aria-label=\"f&amp;e (3 items)\">f&amp;e<\/a>\n<a href=\"https:\/\/www.prodat.de\/cms\/tag\/kraft\" class=\"tag-cloud-link tag-link-124 tag-link-position-7\" style=\"font-size: 8pt;\" aria-label=\"kraft (1 item)\">kraft<\/a>\n<a href=\"https:\/\/www.prodat.de\/cms\/tag\/messsystem\" class=\"tag-cloud-link tag-link-122 tag-link-position-8\" style=\"font-size: 8pt;\" aria-label=\"messsystem (1 item)\">messsystem<\/a>\n<a href=\"https:\/\/www.prodat.de\/cms\/tag\/messsysteme\" class=\"tag-cloud-link tag-link-42 tag-link-position-9\" style=\"font-size: 22pt;\" aria-label=\"messsysteme (3 items)\">messsysteme<\/a>\n<a href=\"https:\/\/www.prodat.de\/cms\/tag\/norm\" class=\"tag-cloud-link tag-link-118 tag-link-position-10\" style=\"font-size: 8pt;\" aria-label=\"norm (1 item)\">norm<\/a>\n<a href=\"https:\/\/www.prodat.de\/cms\/tag\/normen\" class=\"tag-cloud-link tag-link-50 tag-link-position-11\" style=\"font-size: 8pt;\" aria-label=\"Normen (1 item)\">Normen<\/a>\n<a href=\"https:\/\/www.prodat.de\/cms\/tag\/prima\" class=\"tag-cloud-link tag-link-44 tag-link-position-12\" style=\"font-size: 8pt;\" aria-label=\"prima (1 item)\">prima<\/a>\n<a href=\"https:\/\/www.prodat.de\/cms\/tag\/radaufstandskraft\" class=\"tag-cloud-link tag-link-120 tag-link-position-13\" style=\"font-size: 8pt;\" aria-label=\"radaufstandskraft (1 item)\">radaufstandskraft<\/a>\n<a href=\"https:\/\/www.prodat.de\/cms\/tag\/radlast\" class=\"tag-cloud-link tag-link-116 tag-link-position-14\" style=\"font-size: 8pt;\" aria-label=\"radlast (1 item)\">radlast<\/a>\n<a href=\"https:\/\/www.prodat.de\/cms\/tag\/rakme\" class=\"tag-cloud-link tag-link-114 tag-link-position-15\" style=\"font-size: 8pt;\" aria-label=\"rakme (1 item)\">rakme<\/a>\n<a href=\"https:\/\/www.prodat.de\/cms\/tag\/schienenverkehrstechnik\" class=\"tag-cloud-link tag-link-58 tag-link-position-16\" style=\"font-size: 16.4pt;\" aria-label=\"Schienenverkehrstechnik (2 items)\">Schienenverkehrstechnik<\/a>\n<a href=\"https:\/\/www.prodat.de\/cms\/tag\/sensorik\" class=\"tag-cloud-link tag-link-68 tag-link-position-17\" style=\"font-size: 16.4pt;\" aria-label=\"sensorik (2 items)\">sensorik<\/a>\n<a href=\"https:\/\/www.prodat.de\/cms\/tag\/wissen\" class=\"tag-cloud-link tag-link-52 tag-link-position-18\" style=\"font-size: 16.4pt;\" aria-label=\"Wissen (2 items)\">Wissen<\/a><\/p><\/div>\n<\/div>\n<\/div>\n\n\n\n<div style=\"height:100px\" aria-hidden=\"true\" class=\"wp-block-spacer\"><\/div>\n<\/div>\n\n\n\n<div class=\"wp-block-group has-base-2-background-color has-background is-layout-flow wp-block-group-is-layout-flow\" style=\"border-radius:20px;padding-top:30px;padding-right:30px;padding-bottom:30px;padding-left:30px\">\n<div class=\"wp-block-columns is-layout-flex wp-container-core-columns-layout-2 wp-block-columns-is-layout-flex\">\n<div class=\"wp-block-column is-layout-flow wp-block-column-is-layout-flow\" style=\"flex-basis:50%\">\n<div class=\"wp-block-query is-layout-flow wp-block-query-is-layout-flow\"><ul class=\"wp-block-post-template is-layout-flow wp-block-post-template-is-layout-flow\"><li class=\"wp-block-post post-7512 post type-post status-publish format-standard has-post-thumbnail hentry category-allgemeines-news category-fe-forschung-und-entwicklung\">\n<figure class=\"wp-block-post-featured-image\"><img fetchpriority=\"high\" decoding=\"async\" width=\"1200\" height=\"800\" src=\"https:\/\/www.prodat.de\/cms\/wp-content\/uploads\/2026\/01\/ulmertor_stadt_biberach.jpg\" class=\"attachment-post-thumbnail size-post-thumbnail wp-post-image\" alt=\"Ulmer Tor Biberach\" style=\"object-fit:cover;\" srcset=\"https:\/\/www.prodat.de\/cms\/wp-content\/uploads\/2026\/01\/ulmertor_stadt_biberach.jpg 1200w, https:\/\/www.prodat.de\/cms\/wp-content\/uploads\/2026\/01\/ulmertor_stadt_biberach-300x200.jpg 300w, https:\/\/www.prodat.de\/cms\/wp-content\/uploads\/2026\/01\/ulmertor_stadt_biberach-1024x683.jpg 1024w, https:\/\/www.prodat.de\/cms\/wp-content\/uploads\/2026\/01\/ulmertor_stadt_biberach-768x512.jpg 768w\" sizes=\"(max-width: 1200px) 100vw, 1200px\" \/><\/figure>\n\n<h2 style=\"padding-right:var(--wp--preset--spacing--10);padding-left:var(--wp--preset--spacing--10);\" class=\"has-link-color wp-block-post-title wp-elements-7b31775bfac2313c337ca2b98f840cc0\"><a href=\"https:\/\/www.prodat.de\/cms\/blog\/allgemeines-news\/2026\/bauwerksuberwachung-am-ulmer-tor-in-biberach\" target=\"_self\" >Bauwerks\u00fcberwachung am Ulmer Tor in Biberach<\/a><\/h2>\n\n<div style=\"padding-right:var(--wp--preset--spacing--10);padding-left:var(--wp--preset--spacing--10);\" class=\"wp-block-post-excerpt\"><p class=\"wp-block-post-excerpt__excerpt\">Ulmer Tor unter Hochpr\u00e4zisions-Beobachtung Wir wachsen an unseren Herausforderungen und freuen uns mit der Wyler AG, Messwelk, RDMT und PRODAT die Stadt Biberach mit Ihrem Wahrzeichen in die Zukunft begleiten zu k\u00f6nnen. Wenn man heute durch Biberach an der Ri\u00df geht, f\u00fchrt kaum ein Weg am Ulmer Tor vorbei. Das einzige erhaltene Stadttor der ehemals&hellip;<\/p><p class=\"wp-block-post-excerpt__more-text\"><a class=\"wp-block-post-excerpt__more-link\" href=\"https:\/\/www.prodat.de\/cms\/blog\/allgemeines-news\/2026\/bauwerksuberwachung-am-ulmer-tor-in-biberach\">&gt;&gt; Zum Beitrag<\/a><\/p><\/div>\n\n<div class=\"wp-block-post-date\"><time datetime=\"2026-01-13T10:56:46+01:00\">January 13, 2026<\/time><\/div>\n<\/li><li class=\"wp-block-post post-7360 post type-post status-publish format-standard has-post-thumbnail hentry category-allgemeines-news category-fe-forschung-und-entwicklung\">\n<figure class=\"wp-block-post-featured-image\"><img decoding=\"async\" width=\"1536\" height=\"1024\" src=\"https:\/\/www.prodat.de\/cms\/wp-content\/uploads\/2025\/06\/reportapp.png\" class=\"attachment-post-thumbnail size-post-thumbnail wp-post-image\" alt=\"\" style=\"object-fit:cover;\" srcset=\"https:\/\/www.prodat.de\/cms\/wp-content\/uploads\/2025\/06\/reportapp.png 1536w, https:\/\/www.prodat.de\/cms\/wp-content\/uploads\/2025\/06\/reportapp-300x200.png 300w, https:\/\/www.prodat.de\/cms\/wp-content\/uploads\/2025\/06\/reportapp-1024x683.png 1024w, https:\/\/www.prodat.de\/cms\/wp-content\/uploads\/2025\/06\/reportapp-768x512.png 768w\" sizes=\"(max-width: 1536px) 100vw, 1536px\" \/><\/figure>\n\n<h2 style=\"padding-right:var(--wp--preset--spacing--10);padding-left:var(--wp--preset--spacing--10);\" class=\"has-link-color wp-block-post-title wp-elements-7b31775bfac2313c337ca2b98f840cc0\"><a href=\"https:\/\/www.prodat.de\/cms\/blog\/allgemeines-news\/2025\/prodat-report-berichte-schnell-und-ki-assistiert-erstellen\" target=\"_self\" >PRODAT Report &#8211; Berichte schnell und KI-assistiert erstellen<\/a><\/h2>\n\n<div style=\"padding-right:var(--wp--preset--spacing--10);padding-left:var(--wp--preset--spacing--10);\" class=\"wp-block-post-excerpt\"><p class=\"wp-block-post-excerpt__excerpt\">PRODAT Report: auf dem Weg in die Zukunft der digitalen Berichterstellung \u2013 effizient, intelligent und anwenderorientiert Die PRODAT Informatik GmbH pr\u00e4sentiert mit PRODAT Report ihre neueste Innovation im Bereich digitaler Berichterstellung \u2013 ein modernes Softwarewerkzeug, das speziell f\u00fcr die Erstellung nutzerzentrierter, strukturierter und multimedialer Berichte entwickelt wurde. Im besonderen Fokus der Anwendung: Begehungsberichte aller Art&hellip;<\/p><p class=\"wp-block-post-excerpt__more-text\"><a class=\"wp-block-post-excerpt__more-link\" href=\"https:\/\/www.prodat.de\/cms\/blog\/allgemeines-news\/2025\/prodat-report-berichte-schnell-und-ki-assistiert-erstellen\">&gt;&gt; Zum Beitrag<\/a><\/p><\/div>\n\n<div class=\"wp-block-post-date\"><time datetime=\"2025-06-10T17:57:15+02:00\">June 10, 2025<\/time><\/div>\n<\/li><\/ul><\/div>\n<\/div>\n\n\n\n<div class=\"wp-block-column is-layout-flow wp-block-column-is-layout-flow\" style=\"flex-basis:50%\">\n<div class=\"wp-block-query is-layout-flow wp-block-query-is-layout-flow\"><ul class=\"wp-block-post-template is-layout-flow wp-block-post-template-is-layout-flow\"><li class=\"wp-block-post post-6290 post type-post status-publish format-standard has-post-thumbnail hentry category-allgemeines-news category-hintergrundwissen tag-bahn tag-bahnwesen tag-eisenbahn tag-kraft tag-messsystem tag-norm tag-radaufstandskraft tag-radlast tag-rakme\">\n\n<div style=\"height:var(--wp--preset--spacing--30)\" aria-hidden=\"true\" class=\"wp-block-spacer\"><\/div>\n\n\n<figure class=\"wp-block-post-featured-image\"><img decoding=\"async\" width=\"1792\" height=\"1024\" src=\"https:\/\/www.prodat.de\/cms\/wp-content\/uploads\/2024\/03\/visualisierung_radaufstandskraftmessung.jpeg\" class=\"attachment-post-thumbnail size-post-thumbnail wp-post-image\" alt=\"Visualisierung (k\u00fcnstlerisch und abstrakt) zur Radaufstandskraftmessung von Schienenfahrzeugen\" style=\"object-fit:cover;\" srcset=\"https:\/\/www.prodat.de\/cms\/wp-content\/uploads\/2024\/03\/visualisierung_radaufstandskraftmessung.jpeg 1792w, https:\/\/www.prodat.de\/cms\/wp-content\/uploads\/2024\/03\/visualisierung_radaufstandskraftmessung-300x171.jpeg 300w, https:\/\/www.prodat.de\/cms\/wp-content\/uploads\/2024\/03\/visualisierung_radaufstandskraftmessung-1024x585.jpeg 1024w, https:\/\/www.prodat.de\/cms\/wp-content\/uploads\/2024\/03\/visualisierung_radaufstandskraftmessung-768x439.jpeg 768w, https:\/\/www.prodat.de\/cms\/wp-content\/uploads\/2024\/03\/visualisierung_radaufstandskraftmessung-1536x878.jpeg 1536w\" sizes=\"(max-width: 1792px) 100vw, 1792px\" \/><\/figure>\n\n<h2 style=\"padding-right:var(--wp--preset--spacing--10);padding-left:var(--wp--preset--spacing--10);\" class=\"has-link-color wp-block-post-title wp-elements-7b31775bfac2313c337ca2b98f840cc0\"><a href=\"https:\/\/www.prodat.de\/cms\/blog\/allgemeines-news\/2024\/radaufstandskraftmessung-an-schienenfahrzeugen-wissen-im-eisenbahnwesen\" target=\"_self\" >Radaufstandskraftmessung an Schienenfahrzeugen (Wissen im Eisenbahnwesen)<\/a><\/h2>\n\n<div style=\"padding-right:var(--wp--preset--spacing--10);padding-left:var(--wp--preset--spacing--10);\" class=\"wp-block-post-excerpt\"><p class=\"wp-block-post-excerpt__excerpt\">Die Radaufstandskraftmessung bei Schienenfahrzeugen: Ein essentielles Element f\u00fcr die Sicherheit und Effizienz im Schienenverkehr &#8211; Normen In der Welt des Schienenverkehrs spielt die Radaufstandskraftmessung (auch Radlastmessung) eine entscheidende Rolle f\u00fcr die Sicherheit und Effizienz von Z\u00fcgen. Sie bezieht sich auf das Verfahren, mit dem die Kr\u00e4fte gemessen werden, die von den R\u00e4dern eines Schienenfahrzeugs auf&hellip;<\/p><p class=\"wp-block-post-excerpt__more-text\"><a class=\"wp-block-post-excerpt__more-link\" href=\"https:\/\/www.prodat.de\/cms\/blog\/allgemeines-news\/2024\/radaufstandskraftmessung-an-schienenfahrzeugen-wissen-im-eisenbahnwesen\">&gt;&gt; Zum Beitrag<\/a><\/p><\/div>\n\n<div class=\"wp-block-post-date\"><time datetime=\"2024-03-22T13:20:27+01:00\">March 22, 2024<\/time><\/div>\n<\/li><li class=\"wp-block-post post-5830 post type-post status-publish format-standard has-post-thumbnail hentry category-allgemeines-news category-fe-forschung-und-entwicklung tag-fe tag-messsysteme tag-sensorik\">\n\n<div style=\"height:var(--wp--preset--spacing--30)\" aria-hidden=\"true\" class=\"wp-block-spacer\"><\/div>\n\n\n<figure class=\"wp-block-post-featured-image\"><img loading=\"lazy\" decoding=\"async\" width=\"684\" height=\"456\" src=\"https:\/\/www.prodat.de\/cms\/wp-content\/uploads\/2024\/03\/felaf_fahrzeug.png\" class=\"attachment-post-thumbnail size-post-thumbnail wp-post-image\" alt=\"F&amp;E Vorhaben FELAF - Reinigungsfahrzeug\" style=\"object-fit:cover;\" srcset=\"https:\/\/www.prodat.de\/cms\/wp-content\/uploads\/2024\/03\/felaf_fahrzeug.png 684w, https:\/\/www.prodat.de\/cms\/wp-content\/uploads\/2024\/03\/felaf_fahrzeug-300x200.png 300w\" sizes=\"(max-width: 684px) 100vw, 684px\" \/><\/figure>\n\n<h2 style=\"padding-right:var(--wp--preset--spacing--10);padding-left:var(--wp--preset--spacing--10);\" class=\"has-link-color wp-block-post-title wp-elements-7b31775bfac2313c337ca2b98f840cc0\"><a href=\"https:\/\/www.prodat.de\/cms\/blog\/allgemeines-news\/2024\/felaf-faserverbundintegriertes-elektroniksystem-zur-messung-der-flussigkeitsmenge-in-fahrzeugtanksfelaf\" target=\"_self\" >FELAF &#8211; Faserverbundintegriertes Elektroniksystem zur Messung der Fl\u00fcssigkeitsmenge in Fahrzeugtanks<\/a><\/h2>\n\n<div style=\"padding-right:var(--wp--preset--spacing--10);padding-left:var(--wp--preset--spacing--10);\" class=\"wp-block-post-excerpt\"><p class=\"wp-block-post-excerpt__excerpt\">MOTIVATION In der Welt der mobilen Einsatzfahrzeuge, wie denen der Feuerwehr oder Reinigungsdienste, spielt die Effizienz und Zuverl\u00e4ssigkeit der Ausr\u00fcstung eine entscheidende Rolle. Ein Schl\u00fcsselaspekt hierbei ist die genaue \u00dcberwachung des F\u00fcllstands in den Fahrzeugtanks, die nicht nur die Effektivit\u00e4t der Eins\u00e4tze beeinflusst, sondern auch die Sicherheit erh\u00f6ht. Das Projekt FELAF, mit dem Thema zur&hellip;<\/p><p class=\"wp-block-post-excerpt__more-text\"><a class=\"wp-block-post-excerpt__more-link\" href=\"https:\/\/www.prodat.de\/cms\/blog\/allgemeines-news\/2024\/felaf-faserverbundintegriertes-elektroniksystem-zur-messung-der-flussigkeitsmenge-in-fahrzeugtanksfelaf\">&gt;&gt; Zum Beitrag<\/a><\/p><\/div>\n\n<div class=\"wp-block-post-date\"><time datetime=\"2024-03-22T10:04:50+01:00\">March 22, 2024<\/time><\/div>\n<\/li><\/ul><\/div>\n<\/div>\n<\/div>\n<\/div>\n\n\n\n<hr class=\"wp-block-separator has-text-color has-contrast-2-color has-alpha-channel-opacity has-contrast-2-background-color has-background is-style-wide\" style=\"margin-top:var(--wp--preset--spacing--10);margin-bottom:var(--wp--preset--spacing--10)\"\/>\n\n\n\n<div class=\"wp-block-group has-global-padding is-layout-constrained wp-block-group-is-layout-constrained\"><\/div>\n\n\n\n<div class=\"wp-block-query alignfull is-layout-flow wp-block-query-is-layout-flow\">\n<div class=\"wp-block-group alignfull is-layout-flow wp-block-group-is-layout-flow\" style=\"padding-top:0;padding-right:var(--wp--preset--spacing--40);padding-bottom:var(--wp--preset--spacing--40);padding-left:var(--wp--preset--spacing--40)\"><ul style=\"text-transform:none;\" class=\"has-link-color alignfull has-text-color has-accent-color wp-block-post-template wp-elements-c083a147a500bf241d4fd9af63a1c8bf is-layout-flow wp-block-post-template-is-layout-flow\"><li class=\"wp-block-post post-7512 post type-post status-publish format-standard has-post-thumbnail hentry category-allgemeines-news category-fe-forschung-und-entwicklung\">\n\n<div class=\"wp-block-group is-layout-flow wp-container-core-group-layout-8 wp-block-group-is-layout-flow\" style=\"padding-bottom:var(--wp--preset--spacing--10)\">\n<div class=\"wp-block-group is-content-justification-space-between is-nowrap is-layout-flex wp-container-core-group-layout-7 wp-block-group-is-layout-flex\" style=\"border-bottom-color:var(--wp--preset--color--contrast);border-bottom-width:4px;padding-top:var(--wp--preset--spacing--30);padding-right:0;padding-bottom:var(--wp--preset--spacing--30);padding-left:0\"><div style=\"margin-top:0;margin-right:0;margin-bottom:0;margin-left:0; font-size:clamp(1.25rem, 1.25rem + ((1vw - 0.2rem) * 1.25), 2rem);font-style:normal;font-weight:600;letter-spacing:1px;\" class=\"has-text-align-left has-link-color has-text-color has-contrast-color wp-block-post-date wp-elements-5813a8450eb0347cfdf34f1870882db6\"><time datetime=\"2026-01-13T10:56:46+01:00\">01.13<\/time><\/div>\n\n<div style=\"margin-top:0;margin-right:0;margin-bottom:0;margin-left:0; font-size:clamp(1.25rem, 1.25rem + ((1vw - 0.2rem) * 1.25), 2rem);font-style:normal;font-weight:600;letter-spacing:1px;\" class=\"has-text-align-left has-link-color has-text-color has-contrast-color wp-block-post-date wp-elements-672016f5c95dcb277e0d666c7795c645\"><time datetime=\"2026-01-13T10:56:46+01:00\">2026<\/time><\/div><\/div>\n\n\n<h2 style=\"padding-top:var(--wp--preset--spacing--30); font-size:clamp(1.502rem, 1.502rem + ((1vw - 0.2rem) * 1.663), 2.5rem);font-style:normal;font-weight:600;line-height:1.1;\" class=\"has-link-color has-text-color has-contrast-color wp-block-post-title wp-elements-b1ebee6d89aabfb1c4a7973c023c6e9d is-layout-flow wp-block-post-title-is-layout-flow\"><a href=\"https:\/\/www.prodat.de\/cms\/blog\/allgemeines-news\/2026\/bauwerksuberwachung-am-ulmer-tor-in-biberach\" target=\"_self\" >Bauwerks\u00fcberwachung am Ulmer Tor in Biberach<\/a><\/h2>\n\n<div class=\"wp-block-post-excerpt\"><p class=\"wp-block-post-excerpt__excerpt\">Ulmer Tor unter Hochpr\u00e4zisions-Beobachtung Wir wachsen an unseren Herausforderungen und freuen uns mit der Wyler AG, Messwelk, RDMT und PRODAT die Stadt Biberach mit Ihrem Wahrzeichen in die Zukunft begleiten zu k\u00f6nnen. Wenn man heute durch Biberach an der Ri\u00df geht, f\u00fchrt kaum ein Weg am Ulmer Tor vorbei. Das einzige erhaltene Stadttor der ehemals&hellip; <\/p><\/div><\/div>\n\n<\/li><li class=\"wp-block-post post-7360 post type-post status-publish format-standard has-post-thumbnail hentry category-allgemeines-news category-fe-forschung-und-entwicklung\">\n\n<div class=\"wp-block-group is-layout-flow wp-container-core-group-layout-10 wp-block-group-is-layout-flow\" style=\"padding-bottom:var(--wp--preset--spacing--10)\">\n<div class=\"wp-block-group is-content-justification-space-between is-nowrap is-layout-flex wp-container-core-group-layout-9 wp-block-group-is-layout-flex\" style=\"border-bottom-color:var(--wp--preset--color--contrast);border-bottom-width:4px;padding-top:var(--wp--preset--spacing--30);padding-right:0;padding-bottom:var(--wp--preset--spacing--30);padding-left:0\"><div style=\"margin-top:0;margin-right:0;margin-bottom:0;margin-left:0; font-size:clamp(1.25rem, 1.25rem + ((1vw - 0.2rem) * 1.25), 2rem);font-style:normal;font-weight:600;letter-spacing:1px;\" class=\"has-text-align-left has-link-color has-text-color has-contrast-color wp-block-post-date wp-elements-5813a8450eb0347cfdf34f1870882db6\"><time datetime=\"2025-06-10T17:57:15+02:00\">06.10<\/time><\/div>\n\n<div style=\"margin-top:0;margin-right:0;margin-bottom:0;margin-left:0; font-size:clamp(1.25rem, 1.25rem + ((1vw - 0.2rem) * 1.25), 2rem);font-style:normal;font-weight:600;letter-spacing:1px;\" class=\"has-text-align-left has-link-color has-text-color has-contrast-color wp-block-post-date wp-elements-672016f5c95dcb277e0d666c7795c645\"><time datetime=\"2025-06-10T17:57:15+02:00\">2025<\/time><\/div><\/div>\n\n\n<h2 style=\"padding-top:var(--wp--preset--spacing--30); font-size:clamp(1.502rem, 1.502rem + ((1vw - 0.2rem) * 1.663), 2.5rem);font-style:normal;font-weight:600;line-height:1.1;\" class=\"has-link-color has-text-color has-contrast-color wp-block-post-title wp-elements-b1ebee6d89aabfb1c4a7973c023c6e9d is-layout-flow wp-block-post-title-is-layout-flow\"><a href=\"https:\/\/www.prodat.de\/cms\/blog\/allgemeines-news\/2025\/prodat-report-berichte-schnell-und-ki-assistiert-erstellen\" target=\"_self\" >PRODAT Report &#8211; Berichte schnell und KI-assistiert erstellen<\/a><\/h2>\n\n<div class=\"wp-block-post-excerpt\"><p class=\"wp-block-post-excerpt__excerpt\">PRODAT Report: auf dem Weg in die Zukunft der digitalen Berichterstellung \u2013 effizient, intelligent und anwenderorientiert Die PRODAT Informatik GmbH pr\u00e4sentiert mit PRODAT Report ihre neueste Innovation im Bereich digitaler Berichterstellung \u2013 ein modernes Softwarewerkzeug, das speziell f\u00fcr die Erstellung nutzerzentrierter, strukturierter und multimedialer Berichte entwickelt wurde. Im besonderen Fokus der Anwendung: Begehungsberichte aller Art&hellip; <\/p><\/div><\/div>\n\n<\/li><li class=\"wp-block-post post-6290 post type-post status-publish format-standard has-post-thumbnail hentry category-allgemeines-news category-hintergrundwissen tag-bahn tag-bahnwesen tag-eisenbahn tag-kraft tag-messsystem tag-norm tag-radaufstandskraft tag-radlast tag-rakme\">\n\n<div class=\"wp-block-group is-layout-flow wp-container-core-group-layout-12 wp-block-group-is-layout-flow\" style=\"padding-bottom:var(--wp--preset--spacing--10)\">\n<div class=\"wp-block-group is-content-justification-space-between is-nowrap is-layout-flex wp-container-core-group-layout-11 wp-block-group-is-layout-flex\" style=\"border-bottom-color:var(--wp--preset--color--contrast);border-bottom-width:4px;padding-top:var(--wp--preset--spacing--30);padding-right:0;padding-bottom:var(--wp--preset--spacing--30);padding-left:0\"><div style=\"margin-top:0;margin-right:0;margin-bottom:0;margin-left:0; font-size:clamp(1.25rem, 1.25rem + ((1vw - 0.2rem) * 1.25), 2rem);font-style:normal;font-weight:600;letter-spacing:1px;\" class=\"has-text-align-left has-link-color has-text-color has-contrast-color wp-block-post-date wp-elements-5813a8450eb0347cfdf34f1870882db6\"><time datetime=\"2024-03-22T13:20:27+01:00\">03.22<\/time><\/div>\n\n<div style=\"margin-top:0;margin-right:0;margin-bottom:0;margin-left:0; font-size:clamp(1.25rem, 1.25rem + ((1vw - 0.2rem) * 1.25), 2rem);font-style:normal;font-weight:600;letter-spacing:1px;\" class=\"has-text-align-left has-link-color has-text-color has-contrast-color wp-block-post-date wp-elements-672016f5c95dcb277e0d666c7795c645\"><time datetime=\"2024-03-22T13:20:27+01:00\">2024<\/time><\/div><\/div>\n\n\n<h2 style=\"padding-top:var(--wp--preset--spacing--30); font-size:clamp(1.502rem, 1.502rem + ((1vw - 0.2rem) * 1.663), 2.5rem);font-style:normal;font-weight:600;line-height:1.1;\" class=\"has-link-color has-text-color has-contrast-color wp-block-post-title wp-elements-b1ebee6d89aabfb1c4a7973c023c6e9d is-layout-flow wp-block-post-title-is-layout-flow\"><a href=\"https:\/\/www.prodat.de\/cms\/blog\/allgemeines-news\/2024\/radaufstandskraftmessung-an-schienenfahrzeugen-wissen-im-eisenbahnwesen\" target=\"_self\" >Radaufstandskraftmessung an Schienenfahrzeugen (Wissen im Eisenbahnwesen)<\/a><\/h2>\n\n<div class=\"wp-block-post-excerpt\"><p class=\"wp-block-post-excerpt__excerpt\">Die Radaufstandskraftmessung bei Schienenfahrzeugen: Ein essentielles Element f\u00fcr die Sicherheit und Effizienz im Schienenverkehr &#8211; Normen In der Welt des Schienenverkehrs spielt die Radaufstandskraftmessung (auch Radlastmessung) eine entscheidende Rolle f\u00fcr die Sicherheit und Effizienz von Z\u00fcgen. Sie bezieht sich auf das Verfahren, mit dem die Kr\u00e4fte gemessen werden, die von den R\u00e4dern eines Schienenfahrzeugs auf&hellip; <\/p><\/div><\/div>\n\n<\/li><li class=\"wp-block-post post-5830 post type-post status-publish format-standard has-post-thumbnail hentry category-allgemeines-news category-fe-forschung-und-entwicklung tag-fe tag-messsysteme tag-sensorik\">\n\n<div class=\"wp-block-group is-layout-flow wp-container-core-group-layout-14 wp-block-group-is-layout-flow\" style=\"padding-bottom:var(--wp--preset--spacing--10)\">\n<div class=\"wp-block-group is-content-justification-space-between is-nowrap is-layout-flex wp-container-core-group-layout-13 wp-block-group-is-layout-flex\" style=\"border-bottom-color:var(--wp--preset--color--contrast);border-bottom-width:4px;padding-top:var(--wp--preset--spacing--30);padding-right:0;padding-bottom:var(--wp--preset--spacing--30);padding-left:0\"><div style=\"margin-top:0;margin-right:0;margin-bottom:0;margin-left:0; font-size:clamp(1.25rem, 1.25rem + ((1vw - 0.2rem) * 1.25), 2rem);font-style:normal;font-weight:600;letter-spacing:1px;\" class=\"has-text-align-left has-link-color has-text-color has-contrast-color wp-block-post-date wp-elements-5813a8450eb0347cfdf34f1870882db6\"><time datetime=\"2024-03-22T10:04:50+01:00\">03.22<\/time><\/div>\n\n<div style=\"margin-top:0;margin-right:0;margin-bottom:0;margin-left:0; font-size:clamp(1.25rem, 1.25rem + ((1vw - 0.2rem) * 1.25), 2rem);font-style:normal;font-weight:600;letter-spacing:1px;\" class=\"has-text-align-left has-link-color has-text-color has-contrast-color wp-block-post-date wp-elements-672016f5c95dcb277e0d666c7795c645\"><time datetime=\"2024-03-22T10:04:50+01:00\">2024<\/time><\/div><\/div>\n\n\n<h2 style=\"padding-top:var(--wp--preset--spacing--30); font-size:clamp(1.502rem, 1.502rem + ((1vw - 0.2rem) * 1.663), 2.5rem);font-style:normal;font-weight:600;line-height:1.1;\" class=\"has-link-color has-text-color has-contrast-color wp-block-post-title wp-elements-b1ebee6d89aabfb1c4a7973c023c6e9d is-layout-flow wp-block-post-title-is-layout-flow\"><a href=\"https:\/\/www.prodat.de\/cms\/blog\/allgemeines-news\/2024\/felaf-faserverbundintegriertes-elektroniksystem-zur-messung-der-flussigkeitsmenge-in-fahrzeugtanksfelaf\" target=\"_self\" >FELAF &#8211; Faserverbundintegriertes Elektroniksystem zur Messung der Fl\u00fcssigkeitsmenge in Fahrzeugtanks<\/a><\/h2>\n\n<div class=\"wp-block-post-excerpt\"><p class=\"wp-block-post-excerpt__excerpt\">MOTIVATION In der Welt der mobilen Einsatzfahrzeuge, wie denen der Feuerwehr oder Reinigungsdienste, spielt die Effizienz und Zuverl\u00e4ssigkeit der Ausr\u00fcstung eine entscheidende Rolle. Ein Schl\u00fcsselaspekt hierbei ist die genaue \u00dcberwachung des F\u00fcllstands in den Fahrzeugtanks, die nicht nur die Effektivit\u00e4t der Eins\u00e4tze beeinflusst, sondern auch die Sicherheit erh\u00f6ht. Das Projekt FELAF, mit dem Thema zur&hellip; <\/p><\/div><\/div>\n\n<\/li><li class=\"wp-block-post post-5460 post type-post status-publish format-standard has-post-thumbnail hentry category-allgemeines-news category-bremsprufung category-hintergrundwissen tag-bremsprufung tag-schienenverkehrstechnik tag-wissen\">\n\n<div class=\"wp-block-group is-layout-flow wp-container-core-group-layout-16 wp-block-group-is-layout-flow\" style=\"padding-bottom:var(--wp--preset--spacing--10)\">\n<div class=\"wp-block-group is-content-justification-space-between is-nowrap is-layout-flex wp-container-core-group-layout-15 wp-block-group-is-layout-flex\" style=\"border-bottom-color:var(--wp--preset--color--contrast);border-bottom-width:4px;padding-top:var(--wp--preset--spacing--30);padding-right:0;padding-bottom:var(--wp--preset--spacing--30);padding-left:0\"><div style=\"margin-top:0;margin-right:0;margin-bottom:0;margin-left:0; font-size:clamp(1.25rem, 1.25rem + ((1vw - 0.2rem) * 1.25), 2rem);font-style:normal;font-weight:600;letter-spacing:1px;\" class=\"has-text-align-left has-link-color has-text-color has-contrast-color wp-block-post-date wp-elements-5813a8450eb0347cfdf34f1870882db6\"><time datetime=\"2024-03-20T16:19:49+01:00\">03.20<\/time><\/div>\n\n<div style=\"margin-top:0;margin-right:0;margin-bottom:0;margin-left:0; font-size:clamp(1.25rem, 1.25rem + ((1vw - 0.2rem) * 1.25), 2rem);font-style:normal;font-weight:600;letter-spacing:1px;\" class=\"has-text-align-left has-link-color has-text-color has-contrast-color wp-block-post-date wp-elements-672016f5c95dcb277e0d666c7795c645\"><time datetime=\"2024-03-20T16:19:49+01:00\">2024<\/time><\/div><\/div>\n\n\n<h2 style=\"padding-top:var(--wp--preset--spacing--30); font-size:clamp(1.502rem, 1.502rem + ((1vw - 0.2rem) * 1.663), 2.5rem);font-style:normal;font-weight:600;line-height:1.1;\" class=\"has-link-color has-text-color has-contrast-color wp-block-post-title wp-elements-b1ebee6d89aabfb1c4a7973c023c6e9d is-layout-flow wp-block-post-title-is-layout-flow\"><a href=\"https:\/\/www.prodat.de\/cms\/blog\/allgemeines-news\/2024\/zustandsorientierte-wartung-und-instandhaltung-von-bremsen-bzw-bremssystemkomponenten\" target=\"_self\" >Zustandsorientierte Wartung und Instandhaltung von Bremsen bzw. Bremssystemkomponenten<\/a><\/h2>\n\n<div class=\"wp-block-post-excerpt\"><p class=\"wp-block-post-excerpt__excerpt\">Ein Einblick In der Welt der Schienenfahrzeuge spielt die Wartung eine entscheidende Rolle, um die Sicherheit, Effizienz und Langlebigkeit der Fahrzeuge zu gew\u00e4hrleisten. Eine besondere Aufmerksamkeit verdient dabei das Bremssystem, das als Herzst\u00fcck der Sicherheit fungiert. In diesem Beitrag werfen wir einen Blick auf die zustandsorientierte Wartung (ZOW) des Bremssystems von Schienenfahrzeugen, beleuchten ihre Vorteile&hellip; <\/p><\/div><\/div>\n\n<\/li><li class=\"wp-block-post post-4656 post type-post status-publish format-standard has-post-thumbnail hentry category-allgemeines-news category-hintergrundwissen tag-normen tag-wissen\">\n\n<div class=\"wp-block-group is-layout-flow wp-container-core-group-layout-18 wp-block-group-is-layout-flow\" style=\"padding-bottom:var(--wp--preset--spacing--10)\">\n<div class=\"wp-block-group is-content-justification-space-between is-nowrap is-layout-flex wp-container-core-group-layout-17 wp-block-group-is-layout-flex\" style=\"border-bottom-color:var(--wp--preset--color--contrast);border-bottom-width:4px;padding-top:var(--wp--preset--spacing--30);padding-right:0;padding-bottom:var(--wp--preset--spacing--30);padding-left:0\"><div style=\"margin-top:0;margin-right:0;margin-bottom:0;margin-left:0; font-size:clamp(1.25rem, 1.25rem + ((1vw - 0.2rem) * 1.25), 2rem);font-style:normal;font-weight:600;letter-spacing:1px;\" class=\"has-text-align-left has-link-color has-text-color has-contrast-color wp-block-post-date wp-elements-5813a8450eb0347cfdf34f1870882db6\"><time datetime=\"2024-03-18T14:38:55+01:00\">03.18<\/time><\/div>\n\n<div style=\"margin-top:0;margin-right:0;margin-bottom:0;margin-left:0; font-size:clamp(1.25rem, 1.25rem + ((1vw - 0.2rem) * 1.25), 2rem);font-style:normal;font-weight:600;letter-spacing:1px;\" class=\"has-text-align-left has-link-color has-text-color has-contrast-color wp-block-post-date wp-elements-672016f5c95dcb277e0d666c7795c645\"><time datetime=\"2024-03-18T14:38:55+01:00\">2024<\/time><\/div><\/div>\n\n\n<h2 style=\"padding-top:var(--wp--preset--spacing--30); font-size:clamp(1.502rem, 1.502rem + ((1vw - 0.2rem) * 1.663), 2.5rem);font-style:normal;font-weight:600;line-height:1.1;\" class=\"has-link-color has-text-color has-contrast-color wp-block-post-title wp-elements-b1ebee6d89aabfb1c4a7973c023c6e9d is-layout-flow wp-block-post-title-is-layout-flow\"><a href=\"https:\/\/www.prodat.de\/cms\/blog\/allgemeines-news\/2024\/die-gute-alte-din-27201-5-und-die-radaufstandskraftmessung\" target=\"_self\" >Die DIN 27201-5 und die Radaufstandskraftmessung &#8211; klassisch und praktisch, trotz Abk\u00fcndigung<\/a><\/h2>\n\n<div class=\"wp-block-post-excerpt\"><p class=\"wp-block-post-excerpt__excerpt\">Einleitung Die DIN 27201-5, ein integraler Bestandteil des umfangreichen Normenkatalogs, der die Sicherheit und Zuverl\u00e4ssigkeit im Eisenbahnwesen adressiert, ist ein hervorragendes Beispiel daf\u00fcr, wie sorgf\u00e4ltig ausgearbeitete Richtlinien einen nachhaltigen Einfluss auf eine Branche haben k\u00f6nnen. Diese spezielle Norm, die sich mit der &#8220;Instandhaltung von Schienenfahrzeugen&#8221; befasst, hat im Laufe der Jahre bewiesen, dass sie nicht&hellip; <\/p><\/div><\/div>\n\n<\/li><li class=\"wp-block-post post-3377 post type-post status-publish format-standard has-post-thumbnail hentry category-allgemeines-news category-fe-forschung-und-entwicklung tag-fe tag-messsysteme\">\n\n<div class=\"wp-block-group is-layout-flow wp-container-core-group-layout-20 wp-block-group-is-layout-flow\" style=\"padding-bottom:var(--wp--preset--spacing--10)\">\n<div class=\"wp-block-group is-content-justification-space-between is-nowrap is-layout-flex wp-container-core-group-layout-19 wp-block-group-is-layout-flex\" style=\"border-bottom-color:var(--wp--preset--color--contrast);border-bottom-width:4px;padding-top:var(--wp--preset--spacing--30);padding-right:0;padding-bottom:var(--wp--preset--spacing--30);padding-left:0\"><div style=\"margin-top:0;margin-right:0;margin-bottom:0;margin-left:0; font-size:clamp(1.25rem, 1.25rem + ((1vw - 0.2rem) * 1.25), 2rem);font-style:normal;font-weight:600;letter-spacing:1px;\" class=\"has-text-align-left has-link-color has-text-color has-contrast-color wp-block-post-date wp-elements-5813a8450eb0347cfdf34f1870882db6\"><time datetime=\"2024-03-12T12:53:18+01:00\">03.12<\/time><\/div>\n\n<div style=\"margin-top:0;margin-right:0;margin-bottom:0;margin-left:0; font-size:clamp(1.25rem, 1.25rem + ((1vw - 0.2rem) * 1.25), 2rem);font-style:normal;font-weight:600;letter-spacing:1px;\" class=\"has-text-align-left has-link-color has-text-color has-contrast-color wp-block-post-date wp-elements-672016f5c95dcb277e0d666c7795c645\"><time datetime=\"2024-03-12T12:53:18+01:00\">2024<\/time><\/div><\/div>\n\n\n<h2 style=\"padding-top:var(--wp--preset--spacing--30); font-size:clamp(1.502rem, 1.502rem + ((1vw - 0.2rem) * 1.663), 2.5rem);font-style:normal;font-weight:600;line-height:1.1;\" class=\"has-link-color has-text-color has-contrast-color wp-block-post-title wp-elements-b1ebee6d89aabfb1c4a7973c023c6e9d is-layout-flow wp-block-post-title-is-layout-flow\"><a href=\"https:\/\/www.prodat.de\/cms\/blog\/allgemeines-news\/2024\/forschung-und-entwicklung-fe\" target=\"_self\" >F&#038;E Innovationsvorhaben I-Detekt<\/a><\/h2>\n\n<div class=\"wp-block-post-excerpt\"><p class=\"wp-block-post-excerpt__excerpt\">Im Forschungsprojekt I-Detekt, initiiert im Jahr 2021, werden zukunftsweisende Ans\u00e4tze zur \u00dcberwachung von Unterbodenfahrschutz und Batterie untersucht. Wie k\u00f6nnen eigentlich Sch\u00e4den am Akku eines Elektrofahrzeugs durch eine Krafteinwirkung von der Fahrbahnseite fr\u00fchzeitig erkannt werden? Ziel ist es, durch den Einsatz von Faserverbundwerkstoffen, fortschrittlichen Konstruktionsmethoden und in die Materialien integrierten Sensoren, ein Gesamtsystem zu schaffen, das&hellip; <\/p><\/div><\/div>\n\n<\/li><li class=\"wp-block-post post-2790 post type-post status-publish format-standard has-post-thumbnail hentry category-allgemeines-news category-fe-forschung-und-entwicklung tag-fe tag-prima\">\n\n<div class=\"wp-block-group is-layout-flow wp-container-core-group-layout-22 wp-block-group-is-layout-flow\" style=\"padding-bottom:var(--wp--preset--spacing--10)\">\n<div class=\"wp-block-group is-content-justification-space-between is-nowrap is-layout-flex wp-container-core-group-layout-21 wp-block-group-is-layout-flex\" style=\"border-bottom-color:var(--wp--preset--color--contrast);border-bottom-width:4px;padding-top:var(--wp--preset--spacing--30);padding-right:0;padding-bottom:var(--wp--preset--spacing--30);padding-left:0\"><div style=\"margin-top:0;margin-right:0;margin-bottom:0;margin-left:0; font-size:clamp(1.25rem, 1.25rem + ((1vw - 0.2rem) * 1.25), 2rem);font-style:normal;font-weight:600;letter-spacing:1px;\" class=\"has-text-align-left has-link-color has-text-color has-contrast-color wp-block-post-date wp-elements-5813a8450eb0347cfdf34f1870882db6\"><time datetime=\"2024-03-09T17:08:22+01:00\">03.9<\/time><\/div>\n\n<div style=\"margin-top:0;margin-right:0;margin-bottom:0;margin-left:0; font-size:clamp(1.25rem, 1.25rem + ((1vw - 0.2rem) * 1.25), 2rem);font-style:normal;font-weight:600;letter-spacing:1px;\" class=\"has-text-align-left has-link-color has-text-color has-contrast-color wp-block-post-date wp-elements-672016f5c95dcb277e0d666c7795c645\"><time datetime=\"2024-03-09T17:08:22+01:00\">2024<\/time><\/div><\/div>\n\n\n<h2 style=\"padding-top:var(--wp--preset--spacing--30); font-size:clamp(1.502rem, 1.502rem + ((1vw - 0.2rem) * 1.663), 2.5rem);font-style:normal;font-weight:600;line-height:1.1;\" class=\"has-link-color has-text-color has-contrast-color wp-block-post-title wp-elements-b1ebee6d89aabfb1c4a7973c023c6e9d is-layout-flow wp-block-post-title-is-layout-flow\"><a href=\"https:\/\/www.prodat.de\/cms\/blog\/allgemeines-news\/2024\/f_und_e_prima_workshop_an_der_th_wildau\" target=\"_self\" >F&#038;E Vorhaben PRIMA &#8211;  Workshop der PRODAT und der TH-Wildau<\/a><\/h2>\n\n<div class=\"wp-block-post-excerpt\"><p class=\"wp-block-post-excerpt__excerpt\">Forschende des Instituts f\u00fcr Maschinendynamik und Akustik der Technischen Hochschule Wildau (TH Wildau) sowie Besch\u00e4ftigte des Industriepartners PRODAT Informatik GmbH trafen sich im Oktober 2022 im Rahmen des Forschungsprojektes&nbsp;\u201ePRIMA \u2013 Predictive Innovative Maintenance\u201c zum Know-how-Transfer auf dem Campus der TH Wildau. Forschende des Instituts f\u00fcr Maschinendynamik und Akustik der TH Wildau unter der Leitung von&hellip; <\/p><\/div><\/div>\n\n<\/li><li class=\"wp-block-post post-2777 post type-post status-publish format-standard has-post-thumbnail hentry category-allgemeines-news tag-dienstleistungen\">\n\n<div class=\"wp-block-group is-layout-flow wp-container-core-group-layout-24 wp-block-group-is-layout-flow\" style=\"padding-bottom:var(--wp--preset--spacing--10)\">\n<div class=\"wp-block-group is-content-justification-space-between is-nowrap is-layout-flex wp-container-core-group-layout-23 wp-block-group-is-layout-flex\" style=\"border-bottom-color:var(--wp--preset--color--contrast);border-bottom-width:4px;padding-top:var(--wp--preset--spacing--30);padding-right:0;padding-bottom:var(--wp--preset--spacing--30);padding-left:0\"><div style=\"margin-top:0;margin-right:0;margin-bottom:0;margin-left:0; font-size:clamp(1.25rem, 1.25rem + ((1vw - 0.2rem) * 1.25), 2rem);font-style:normal;font-weight:600;letter-spacing:1px;\" class=\"has-text-align-left has-link-color has-text-color has-contrast-color wp-block-post-date wp-elements-5813a8450eb0347cfdf34f1870882db6\"><time datetime=\"2024-03-09T16:41:18+01:00\">03.9<\/time><\/div>\n\n<div style=\"margin-top:0;margin-right:0;margin-bottom:0;margin-left:0; font-size:clamp(1.25rem, 1.25rem + ((1vw - 0.2rem) * 1.25), 2rem);font-style:normal;font-weight:600;letter-spacing:1px;\" class=\"has-text-align-left has-link-color has-text-color has-contrast-color wp-block-post-date wp-elements-672016f5c95dcb277e0d666c7795c645\"><time datetime=\"2024-03-09T16:41:18+01:00\">2024<\/time><\/div><\/div>\n\n\n<h2 style=\"padding-top:var(--wp--preset--spacing--30); font-size:clamp(1.502rem, 1.502rem + ((1vw - 0.2rem) * 1.663), 2.5rem);font-style:normal;font-weight:600;line-height:1.1;\" class=\"has-link-color has-text-color has-contrast-color wp-block-post-title wp-elements-b1ebee6d89aabfb1c4a7973c023c6e9d is-layout-flow wp-block-post-title-is-layout-flow\"><a href=\"https:\/\/www.prodat.de\/cms\/blog\/allgemeines-news\/2024\/prodat-aktualisierte-dienstleistungen-zur-kalibrierung-von-sensoren\" target=\"_self\" >PRODAT &#8211; Aktualisierte Dienstleistungen zur Kalibrierung von Sensoren<\/a><\/h2>\n\n<div class=\"wp-block-post-excerpt\"><p class=\"wp-block-post-excerpt__excerpt\">Wir bieten Kalibrierdienstleistungen f\u00fcr Kraftsensoren nunmehr auch mit den Optionen einer Inhouse Werkskalibrierung, einer externen Werkskalibrierung durch ein unabh\u00e4ngiges Pr\u00fcfinstitut und einer externen DakkS-Kalibrierung an. Weitere Informationen auf unseren aktualisierten Seiten im Bereich der Dienstleistungen\/Service zur Kalibrierung. <\/p><\/div><\/div>\n\n<\/li><li class=\"wp-block-post post-2771 post type-post status-publish format-standard has-post-thumbnail hentry category-allgemeines-news tag-bremsprufung tag-messsysteme tag-schienenverkehrstechnik tag-sensorik\">\n\n<div class=\"wp-block-group is-layout-flow wp-container-core-group-layout-26 wp-block-group-is-layout-flow\" style=\"padding-bottom:var(--wp--preset--spacing--10)\">\n<div class=\"wp-block-group is-content-justification-space-between is-nowrap is-layout-flex wp-container-core-group-layout-25 wp-block-group-is-layout-flex\" style=\"border-bottom-color:var(--wp--preset--color--contrast);border-bottom-width:4px;padding-top:var(--wp--preset--spacing--30);padding-right:0;padding-bottom:var(--wp--preset--spacing--30);padding-left:0\"><div style=\"margin-top:0;margin-right:0;margin-bottom:0;margin-left:0; font-size:clamp(1.25rem, 1.25rem + ((1vw - 0.2rem) * 1.25), 2rem);font-style:normal;font-weight:600;letter-spacing:1px;\" class=\"has-text-align-left has-link-color has-text-color has-contrast-color wp-block-post-date wp-elements-5813a8450eb0347cfdf34f1870882db6\"><time datetime=\"2024-03-09T16:38:54+01:00\">03.9<\/time><\/div>\n\n<div style=\"margin-top:0;margin-right:0;margin-bottom:0;margin-left:0; font-size:clamp(1.25rem, 1.25rem + ((1vw - 0.2rem) * 1.25), 2rem);font-style:normal;font-weight:600;letter-spacing:1px;\" class=\"has-text-align-left has-link-color has-text-color has-contrast-color wp-block-post-date wp-elements-672016f5c95dcb277e0d666c7795c645\"><time datetime=\"2024-03-09T16:38:54+01:00\">2024<\/time><\/div><\/div>\n\n\n<h2 style=\"padding-top:var(--wp--preset--spacing--30); font-size:clamp(1.502rem, 1.502rem + ((1vw - 0.2rem) * 1.663), 2.5rem);font-style:normal;font-weight:600;line-height:1.1;\" class=\"has-link-color has-text-color has-contrast-color wp-block-post-title wp-elements-b1ebee6d89aabfb1c4a7973c023c6e9d is-layout-flow wp-block-post-title-is-layout-flow\"><a href=\"https:\/\/www.prodat.de\/cms\/blog\/allgemeines-news\/2024\/post_mess-und-prufsystem-bremsprufanlage-bpa\" target=\"_self\" >Mess- und Pr\u00fcfsystem Bremspr\u00fcfanlage (BPA)<\/a><\/h2>\n\n<div class=\"wp-block-post-excerpt\"><p class=\"wp-block-post-excerpt__excerpt\">Die Revolution\u00e4re Testplattform f\u00fcr die Schweizerischen Bundesbahnen (SBB) &#8211; PRODAT BPA SBB In der st\u00e4ndigen Suche nach Effizienz und Sicherheit im Eisenbahnverkehr hat PRODAT Informatik GmbH einen bedeutenden Durchbruch erzielt. Mit ihrem neuesten Mess- und Pr\u00fcfsystem, bekannt als PRODAT BPA, stellt das Unternehmen unter Beweis, wie fortschrittliche Technologie die Wartung und Pr\u00fcfung von Eisenbahnbremssystemen revolutionieren&hellip; <\/p><\/div><\/div>\n\n<\/li><li class=\"wp-block-post post-1 post type-post status-publish format-standard has-post-thumbnail hentry category-allgemeines-news category-bremsprufung\">\n\n<div class=\"wp-block-group is-layout-flow wp-container-core-group-layout-28 wp-block-group-is-layout-flow\" style=\"padding-bottom:var(--wp--preset--spacing--10)\">\n<div class=\"wp-block-group is-content-justification-space-between is-nowrap is-layout-flex wp-container-core-group-layout-27 wp-block-group-is-layout-flex\" style=\"border-bottom-color:var(--wp--preset--color--contrast);border-bottom-width:4px;padding-top:var(--wp--preset--spacing--30);padding-right:0;padding-bottom:var(--wp--preset--spacing--30);padding-left:0\"><div style=\"margin-top:0;margin-right:0;margin-bottom:0;margin-left:0; font-size:clamp(1.25rem, 1.25rem + ((1vw - 0.2rem) * 1.25), 2rem);font-style:normal;font-weight:600;letter-spacing:1px;\" class=\"has-text-align-left has-link-color has-text-color has-contrast-color wp-block-post-date wp-elements-5813a8450eb0347cfdf34f1870882db6\"><time datetime=\"2020-08-16T21:34:38+02:00\">08.16<\/time><\/div>\n\n<div style=\"margin-top:0;margin-right:0;margin-bottom:0;margin-left:0; font-size:clamp(1.25rem, 1.25rem + ((1vw - 0.2rem) * 1.25), 2rem);font-style:normal;font-weight:600;letter-spacing:1px;\" class=\"has-text-align-left has-link-color has-text-color has-contrast-color wp-block-post-date wp-elements-672016f5c95dcb277e0d666c7795c645\"><time datetime=\"2020-08-16T21:34:38+02:00\">2020<\/time><\/div><\/div>\n\n\n<h2 style=\"padding-top:var(--wp--preset--spacing--30); font-size:clamp(1.502rem, 1.502rem + ((1vw - 0.2rem) * 1.663), 2.5rem);font-style:normal;font-weight:600;line-height:1.1;\" class=\"has-link-color has-text-color has-contrast-color wp-block-post-title wp-elements-b1ebee6d89aabfb1c4a7973c023c6e9d is-layout-flow wp-block-post-title-is-layout-flow\"><a href=\"https:\/\/www.prodat.de\/cms\/blog\/allgemeines-news\/2020\/hallo-welt\" target=\"_self\" >PRODAT CMS &#8211; Webseiten der 2ten Generation &#8211; Website Launch<\/a><\/h2>\n\n<div class=\"wp-block-post-excerpt\"><p class=\"wp-block-post-excerpt__excerpt\">In diesen Zeiten, in denen globalpolitische Entwicklungen das Gesch\u00e4ftsleben auf der ganzen Welt beeinflussen, stand die PRODAT vor der Entscheidung: Soll der geplante Relaunch unserer Website wirklich jetzt stattfinden? Wir haben uns entschieden: Es ist Zeit f\u00fcr einen Neuanfang! Mit dem Launch unserer neuen Website m\u00f6chten wir nicht nur unseren Kunden und Bewerbern ein Zeichen&hellip; <\/p><\/div><\/div>\n\n<\/li><\/ul><\/div>\n\n\n\n<div class=\"wp-block-group is-layout-flow wp-block-group-is-layout-flow\" style=\"margin-top:0;margin-bottom:0;padding-top:var(--wp--preset--spacing--40);padding-right:var(--wp--preset--spacing--40);padding-bottom:var(--wp--preset--spacing--40);padding-left:var(--wp--preset--spacing--40)\"><\/div>\n<\/div>\n","protected":false},"excerpt":{"rendered":"<p>Nachrichten, Beitr\u00e4ge &amp; Aktuelles &#8211; im PRODAT Blog Kategorien Schlagworte<\/p>\n","protected":false},"author":2,"featured_media":4941,"parent":0,"menu_order":1,"comment_status":"closed","ping_status":"closed","template":"wp-custom-template-prodat-standard-inhalt","meta":{"footnotes":""},"yoast_head":"<!-- This site is optimized with the Yoast SEO plugin v22.2 - https:\/\/yoast.com\/wordpress\/plugins\/seo\/ -->\n<title>Blog - PRODAT<\/title>\n<meta name=\"description\" content=\"Der PRODAT Blog - News, Updates und Beitr\u00e4ge rund um die PRODAT und Themen der Schienenverkehrstechnik und Bauwerks\u00fcberwachung.\" \/>\n<meta name=\"robots\" content=\"index, follow, max-snippet:-1, max-image-preview:large, max-video-preview:-1\" \/>\n<link rel=\"canonical\" href=\"https:\/\/www.prodat.de\/cms\/blog\" \/>\n<meta property=\"og:locale\" content=\"en_US\" \/>\n<meta property=\"og:type\" content=\"article\" \/>\n<meta property=\"og:title\" content=\"Blog - PRODAT\" \/>\n<meta property=\"og:description\" content=\"Der PRODAT Blog - News, Updates und Beitr\u00e4ge rund um die PRODAT und Themen der Schienenverkehrstechnik und Bauwerks\u00fcberwachung.\" \/>\n<meta property=\"og:url\" content=\"https:\/\/www.prodat.de\/cms\/blog\" \/>\n<meta property=\"og:site_name\" content=\"PRODAT\" \/>\n<meta property=\"article:modified_time\" content=\"2024-03-24T09:16:20+00:00\" \/>\n<meta property=\"og:image\" content=\"https:\/\/www.prodat.de\/cms\/wp-content\/uploads\/2024\/03\/visualisierung_din27201-5_schienenverkehrstechnik.jpeg\" \/>\n\t<meta property=\"og:image:width\" content=\"1792\" \/>\n\t<meta property=\"og:image:height\" content=\"1024\" \/>\n\t<meta property=\"og:image:type\" content=\"image\/jpeg\" \/>\n<meta name=\"twitter:card\" content=\"summary_large_image\" \/>\n<meta name=\"twitter:label1\" content=\"Est. reading time\" \/>\n\t<meta name=\"twitter:data1\" content=\"1 minute\" \/>\n<script type=\"application\/ld+json\" class=\"yoast-schema-graph\">{\"@context\":\"https:\/\/schema.org\",\"@graph\":[{\"@type\":\"WebPage\",\"@id\":\"https:\/\/www.prodat.de\/cms\/blog\",\"url\":\"https:\/\/www.prodat.de\/cms\/blog\",\"name\":\"Blog - PRODAT\",\"isPartOf\":{\"@id\":\"https:\/\/www.prodat.de\/cms\/#website\"},\"primaryImageOfPage\":{\"@id\":\"https:\/\/www.prodat.de\/cms\/blog#primaryimage\"},\"image\":{\"@id\":\"https:\/\/www.prodat.de\/cms\/blog#primaryimage\"},\"thumbnailUrl\":\"https:\/\/www.prodat.de\/cms\/wp-content\/uploads\/2024\/03\/visualisierung_din27201-5_schienenverkehrstechnik.jpeg\",\"datePublished\":\"2020-08-16T19:58:36+00:00\",\"dateModified\":\"2024-03-24T09:16:20+00:00\",\"description\":\"Der PRODAT Blog - News, Updates und Beitr\u00e4ge rund um die PRODAT und Themen der Schienenverkehrstechnik und Bauwerks\u00fcberwachung.\",\"breadcrumb\":{\"@id\":\"https:\/\/www.prodat.de\/cms\/blog#breadcrumb\"},\"inLanguage\":\"en-US\",\"potentialAction\":[{\"@type\":\"ReadAction\",\"target\":[\"https:\/\/www.prodat.de\/cms\/blog\"]}]},{\"@type\":\"ImageObject\",\"inLanguage\":\"en-US\",\"@id\":\"https:\/\/www.prodat.de\/cms\/blog#primaryimage\",\"url\":\"https:\/\/www.prodat.de\/cms\/wp-content\/uploads\/2024\/03\/visualisierung_din27201-5_schienenverkehrstechnik.jpeg\",\"contentUrl\":\"https:\/\/www.prodat.de\/cms\/wp-content\/uploads\/2024\/03\/visualisierung_din27201-5_schienenverkehrstechnik.jpeg\",\"width\":1792,\"height\":1024,\"caption\":\"PRODAT K\u00fcnstlerische Visualisierung Schienverkehrstechnik\"},{\"@type\":\"BreadcrumbList\",\"@id\":\"https:\/\/www.prodat.de\/cms\/blog#breadcrumb\",\"itemListElement\":[{\"@type\":\"ListItem\",\"position\":1,\"name\":\"www.prodat.de\",\"item\":\"https:\/\/www.prodat.de\/cms\/\"},{\"@type\":\"ListItem\",\"position\":2,\"name\":\"Blog\"}]},{\"@type\":\"WebSite\",\"@id\":\"https:\/\/www.prodat.de\/cms\/#website\",\"url\":\"https:\/\/www.prodat.de\/cms\/\",\"name\":\"PRODAT (CMS)\",\"description\":\"L\u00f6sungen \/ Solutions\",\"publisher\":{\"@id\":\"https:\/\/www.prodat.de\/cms\/#organization\"},\"alternateName\":\"PRODAT Solutions\/L\u00f6sungen - Website\",\"potentialAction\":[{\"@type\":\"SearchAction\",\"target\":{\"@type\":\"EntryPoint\",\"urlTemplate\":\"https:\/\/www.prodat.de\/cms\/?s={search_term_string}\"},\"query-input\":\"required name=search_term_string\"}],\"inLanguage\":\"en-US\"},{\"@type\":\"Organization\",\"@id\":\"https:\/\/www.prodat.de\/cms\/#organization\",\"name\":\"PRODAT\",\"alternateName\":\"PRODAT L\u00f6sungen \/ Solutions\",\"url\":\"https:\/\/www.prodat.de\/cms\/\",\"logo\":{\"@type\":\"ImageObject\",\"inLanguage\":\"en-US\",\"@id\":\"https:\/\/www.prodat.de\/cms\/#\/schema\/logo\/image\/\",\"url\":\"https:\/\/www.prodat.de\/cms\/wp-content\/uploads\/2024\/03\/prodat_logo_h150px.jpg\",\"contentUrl\":\"https:\/\/www.prodat.de\/cms\/wp-content\/uploads\/2024\/03\/prodat_logo_h150px.jpg\",\"width\":560,\"height\":150,\"caption\":\"PRODAT\"},\"image\":{\"@id\":\"https:\/\/www.prodat.de\/cms\/#\/schema\/logo\/image\/\"}}]}<\/script>\n<!-- \/ Yoast SEO plugin. -->","yoast_head_json":{"title":"Blog - PRODAT","description":"Der PRODAT Blog - News, Updates und Beitr\u00e4ge rund um die PRODAT und Themen der Schienenverkehrstechnik und Bauwerks\u00fcberwachung.","robots":{"index":"index","follow":"follow","max-snippet":"max-snippet:-1","max-image-preview":"max-image-preview:large","max-video-preview":"max-video-preview:-1"},"canonical":"https:\/\/www.prodat.de\/cms\/blog","og_locale":"en_US","og_type":"article","og_title":"Blog - PRODAT","og_description":"Der PRODAT Blog - News, Updates und Beitr\u00e4ge rund um die PRODAT und Themen der Schienenverkehrstechnik und Bauwerks\u00fcberwachung.","og_url":"https:\/\/www.prodat.de\/cms\/blog","og_site_name":"PRODAT","article_modified_time":"2024-03-24T09:16:20+00:00","og_image":[{"width":1792,"height":1024,"url":"https:\/\/www.prodat.de\/cms\/wp-content\/uploads\/2024\/03\/visualisierung_din27201-5_schienenverkehrstechnik.jpeg","type":"image\/jpeg"}],"twitter_card":"summary_large_image","twitter_misc":{"Est. reading time":"1 minute"},"schema":{"@context":"https:\/\/schema.org","@graph":[{"@type":"WebPage","@id":"https:\/\/www.prodat.de\/cms\/blog","url":"https:\/\/www.prodat.de\/cms\/blog","name":"Blog - PRODAT","isPartOf":{"@id":"https:\/\/www.prodat.de\/cms\/#website"},"primaryImageOfPage":{"@id":"https:\/\/www.prodat.de\/cms\/blog#primaryimage"},"image":{"@id":"https:\/\/www.prodat.de\/cms\/blog#primaryimage"},"thumbnailUrl":"https:\/\/www.prodat.de\/cms\/wp-content\/uploads\/2024\/03\/visualisierung_din27201-5_schienenverkehrstechnik.jpeg","datePublished":"2020-08-16T19:58:36+00:00","dateModified":"2024-03-24T09:16:20+00:00","description":"Der PRODAT Blog - News, Updates und Beitr\u00e4ge rund um die PRODAT und Themen der Schienenverkehrstechnik und Bauwerks\u00fcberwachung.","breadcrumb":{"@id":"https:\/\/www.prodat.de\/cms\/blog#breadcrumb"},"inLanguage":"en-US","potentialAction":[{"@type":"ReadAction","target":["https:\/\/www.prodat.de\/cms\/blog"]}]},{"@type":"ImageObject","inLanguage":"en-US","@id":"https:\/\/www.prodat.de\/cms\/blog#primaryimage","url":"https:\/\/www.prodat.de\/cms\/wp-content\/uploads\/2024\/03\/visualisierung_din27201-5_schienenverkehrstechnik.jpeg","contentUrl":"https:\/\/www.prodat.de\/cms\/wp-content\/uploads\/2024\/03\/visualisierung_din27201-5_schienenverkehrstechnik.jpeg","width":1792,"height":1024,"caption":"PRODAT K\u00fcnstlerische Visualisierung Schienverkehrstechnik"},{"@type":"BreadcrumbList","@id":"https:\/\/www.prodat.de\/cms\/blog#breadcrumb","itemListElement":[{"@type":"ListItem","position":1,"name":"www.prodat.de","item":"https:\/\/www.prodat.de\/cms\/"},{"@type":"ListItem","position":2,"name":"Blog"}]},{"@type":"WebSite","@id":"https:\/\/www.prodat.de\/cms\/#website","url":"https:\/\/www.prodat.de\/cms\/","name":"PRODAT (CMS)","description":"L\u00f6sungen \/ Solutions","publisher":{"@id":"https:\/\/www.prodat.de\/cms\/#organization"},"alternateName":"PRODAT Solutions\/L\u00f6sungen - Website","potentialAction":[{"@type":"SearchAction","target":{"@type":"EntryPoint","urlTemplate":"https:\/\/www.prodat.de\/cms\/?s={search_term_string}"},"query-input":"required name=search_term_string"}],"inLanguage":"en-US"},{"@type":"Organization","@id":"https:\/\/www.prodat.de\/cms\/#organization","name":"PRODAT","alternateName":"PRODAT L\u00f6sungen \/ Solutions","url":"https:\/\/www.prodat.de\/cms\/","logo":{"@type":"ImageObject","inLanguage":"en-US","@id":"https:\/\/www.prodat.de\/cms\/#\/schema\/logo\/image\/","url":"https:\/\/www.prodat.de\/cms\/wp-content\/uploads\/2024\/03\/prodat_logo_h150px.jpg","contentUrl":"https:\/\/www.prodat.de\/cms\/wp-content\/uploads\/2024\/03\/prodat_logo_h150px.jpg","width":560,"height":150,"caption":"PRODAT"},"image":{"@id":"https:\/\/www.prodat.de\/cms\/#\/schema\/logo\/image\/"}}]}},"_links":{"self":[{"href":"https:\/\/www.prodat.de\/cms\/wp-json\/wp\/v2\/pages\/46"}],"collection":[{"href":"https:\/\/www.prodat.de\/cms\/wp-json\/wp\/v2\/pages"}],"about":[{"href":"https:\/\/www.prodat.de\/cms\/wp-json\/wp\/v2\/types\/page"}],"author":[{"embeddable":true,"href":"https:\/\/www.prodat.de\/cms\/wp-json\/wp\/v2\/users\/2"}],"replies":[{"embeddable":true,"href":"https:\/\/www.prodat.de\/cms\/wp-json\/wp\/v2\/comments?post=46"}],"version-history":[{"count":95,"href":"https:\/\/www.prodat.de\/cms\/wp-json\/wp\/v2\/pages\/46\/revisions"}],"predecessor-version":[{"id":6696,"href":"https:\/\/www.prodat.de\/cms\/wp-json\/wp\/v2\/pages\/46\/revisions\/6696"}],"wp:featuredmedia":[{"embeddable":true,"href":"https:\/\/www.prodat.de\/cms\/wp-json\/wp\/v2\/media\/4941"}],"wp:attachment":[{"href":"https:\/\/www.prodat.de\/cms\/wp-json\/wp\/v2\/media?parent=46"}],"curies":[{"name":"wp","href":"https:\/\/api.w.org\/{rel}","templated":true}]}}