{"id":2743,"date":"2024-03-09T16:14:09","date_gmt":"2024-03-09T15:14:09","guid":{"rendered":"https:\/\/www.prodat.de\/cms\/?page_id=2743"},"modified":"2026-01-27T11:55:09","modified_gmt":"2026-01-27T10:55:09","slug":"prodat-loesungen","status":"publish","type":"page","link":"https:\/\/www.prodat.de\/cms\/","title":{"rendered":"PRODAT L\u00f6sungen &#8211; Willkommen!"},"content":{"rendered":"\n<div class=\"wp-block-group alignfull has-global-padding is-layout-constrained wp-container-core-group-layout-2 wp-block-group-is-layout-constrained\" style=\"border-style:none;border-width:0px;border-radius:0px;margin-top:0;margin-bottom:0;padding-top:0;padding-right:0;padding-bottom:0;padding-left:0\">\n<div class=\"wp-block-cover is-light wp-elements-496908215dda9bb195486aabecd9ff00\" style=\"margin-top:0;margin-bottom:0;padding-top:var(--wp--preset--spacing--60);padding-right:0;padding-left:0\"><span aria-hidden=\"true\" class=\"wp-block-cover__background has-base-background-color has-background-dim-10 has-background-dim\"><\/span><img fetchpriority=\"high\" decoding=\"async\" width=\"1500\" height=\"703\" class=\"wp-block-cover__image-background wp-image-3257\" alt=\"Eyecatcher Bild der PRODAT\" src=\"https:\/\/www.prodat.de\/cms\/wp-content\/uploads\/2024\/03\/test.webp\" style=\"object-position:34% 56%\" data-object-fit=\"cover\" data-object-position=\"34% 56%\" srcset=\"https:\/\/www.prodat.de\/cms\/wp-content\/uploads\/2024\/03\/test.webp 1500w, https:\/\/www.prodat.de\/cms\/wp-content\/uploads\/2024\/03\/test-300x141.webp 300w, https:\/\/www.prodat.de\/cms\/wp-content\/uploads\/2024\/03\/test-1024x480.webp 1024w, https:\/\/www.prodat.de\/cms\/wp-content\/uploads\/2024\/03\/test-768x360.webp 768w\" sizes=\"(max-width: 1500px) 100vw, 1500px\" \/><div class=\"wp-block-cover__inner-container has-global-padding is-layout-constrained wp-container-core-cover-layout-1 wp-block-cover-is-layout-constrained\">\n<div class=\"wp-block-group has-background is-content-justification-right is-nowrap is-layout-flex wp-container-core-group-layout-1 wp-block-group-is-layout-flex\" style=\"background:linear-gradient(135deg,rgba(247,247,247,0.22) 0%,rgba(17,77,145,0.77) 100%);margin-top:0px;margin-bottom:0px;padding-top:var(--wp--preset--spacing--10);padding-right:0px;padding-bottom:var(--wp--preset--spacing--10);padding-left:0px\">\n<p><\/p>\n\n\n\n<p class=\"has-text-align-right has-base-color has-text-color has-link-color has-system-sans-serif-font-family has-x-large-font-size wp-elements-75012b97b030be745c2223a2e7d95ee7 is-layout-flow wp-block-paragraph-is-layout-flow\" style=\"font-style:italic;font-weight:800;line-height:1\">Willkommen,<br>seit \u00fcber 30 Jahren!<\/p>\n\n\n\n<div style=\"margin-top:0;margin-bottom:0;height:90%;width:0px\" aria-hidden=\"true\" class=\"wp-block-spacer wp-container-content-1\"><\/div>\n<\/div>\n<\/div><\/div>\n<\/div>\n\n\n\n<div style=\"margin-top:0;margin-bottom:0;height:var(--wp--preset--spacing--40)\" aria-hidden=\"true\" class=\"wp-block-spacer\"><\/div>\n\n\n\n<div class=\"wp-block-group alignwide has-background is-layout-flow wp-container-core-group-layout-6 wp-block-group-is-layout-flow\" style=\"border-style:none;border-width:0px;border-radius:20px;background:linear-gradient(33deg,rgb(255,255,255) 13%,rgb(249,249,249) 93%);padding-right:0;padding-left:0\">\n<div style=\"height:var(--wp--preset--spacing--30)\" aria-hidden=\"true\" class=\"wp-block-spacer\"><\/div>\n\n\n\n<h2 class=\"wp-block-heading has-text-align-center is-style-asterisk has-x-large-font-size\">Die PRODAT <\/h2>\n\n\n\n<div style=\"height:var(--wp--preset--spacing--20)\" aria-hidden=\"true\" class=\"wp-block-spacer\"><\/div>\n\n\n\n<div class=\"wp-block-columns is-layout-flex wp-container-core-columns-layout-1 wp-block-columns-is-layout-flex\">\n<div class=\"wp-block-column is-layout-flow wp-block-column-is-layout-flow\" style=\"padding-right:var(--wp--preset--spacing--10);padding-left:var(--wp--preset--spacing--10)\">\n<h2 class=\"wp-block-heading has-text-align-center is-style-default has-x-large-font-size\"><em>ist ..<\/em><\/h2>\n\n\n\n<div style=\"height:1rem\" aria-hidden=\"true\" class=\"wp-block-spacer\"><\/div>\n\n\n\n<p class=\"has-text-align-center\">ein Systemanbieter von <strong><em>L\u00f6sungen!<\/em><\/strong> in den Bereichen der Messtechnik, Sensorik, Automatisierungstechnik (MSR), IT sowie der Hardware- und Softwareentwicklung. <br>Wir integrieren und nutzen KI Systeme.<\/p>\n\n\n\n<div class=\"wp-block-group is-content-justification-center is-nowrap is-layout-flex wp-container-core-group-layout-3 wp-block-group-is-layout-flex\">\n<div class=\"wp-block-buttons is-content-justification-center is-layout-flex wp-container-core-buttons-layout-1 wp-block-buttons-is-layout-flex\">\n<div class=\"wp-block-button\"><a class=\"wp-block-button__link wp-element-button\">\u00dcber uns<\/a><\/div>\n<\/div>\n<\/div>\n\n\n\n<div style=\"height:var(--wp--preset--spacing--20)\" aria-hidden=\"true\" class=\"wp-block-spacer\"><\/div>\n<\/div>\n\n\n\n<div class=\"wp-block-column is-layout-flow wp-block-column-is-layout-flow\" style=\"padding-right:var(--wp--preset--spacing--10);padding-left:var(--wp--preset--spacing--10)\">\n<div style=\"height:var(--wp--preset--spacing--20)\" aria-hidden=\"true\" class=\"wp-block-spacer\"><\/div>\n\n\n\n<h2 class=\"wp-block-heading has-text-align-center is-style-default has-x-large-font-size\"><em>bietet ..<\/em><\/h2>\n\n\n\n<div style=\"height:var(--wp--preset--spacing--10)\" aria-hidden=\"true\" class=\"wp-block-spacer\"><\/div>\n\n\n\n<p class=\"has-text-align-center\"><strong>standardisierte Systeme<\/strong> und <strong>individuelle Einzell\u00f6sungen<\/strong> an. Dies beinhaltet Konzeption, Entwicklung, Test, Dokumentation, Schulung und langj\u00e4hrigen Service. Wiederkehrend werden auch <strong>Forschungs- und Entwicklungsprojekte<\/strong> realisiert.<\/p>\n\n\n\n<div class=\"wp-block-group is-content-justification-center is-nowrap is-layout-flex wp-container-core-group-layout-4 wp-block-group-is-layout-flex\">\n<div class=\"wp-block-buttons is-content-justification-center is-layout-flex wp-container-core-buttons-layout-2 wp-block-buttons-is-layout-flex\">\n<div class=\"wp-block-button\"><a class=\"wp-block-button__link wp-element-button\" href=\"https:\/\/www.prodat.de\/cms\/produkte\">Produkte<\/a><\/div>\n\n\n\n<div class=\"wp-block-button\"><a class=\"wp-block-button__link wp-element-button\" href=\"https:\/\/www.prodat.de\/cms\/loesungen\">L\u00f6sungen<\/a><\/div>\n\n\n\n<div class=\"wp-block-button\"><a class=\"wp-block-button__link wp-element-button\" href=\"https:\/\/www.prodat.de\/cms\/dienstleistungen-service\">Dienstleistungen &amp; Service<\/a><\/div>\n<\/div>\n<\/div>\n\n\n\n<div style=\"height:1rem\" aria-hidden=\"true\" class=\"wp-block-spacer\"><\/div>\n<\/div>\n\n\n\n<div class=\"wp-block-column is-layout-flow wp-block-column-is-layout-flow\" style=\"padding-right:var(--wp--preset--spacing--10);padding-left:var(--wp--preset--spacing--10)\">\n<div style=\"height:var(--wp--preset--spacing--40)\" aria-hidden=\"true\" class=\"wp-block-spacer\"><\/div>\n\n\n\n<h2 class=\"wp-block-heading has-text-align-center is-style-default has-x-large-font-size\"><em>arbeitet ..<\/em><\/h2>\n\n\n\n<div style=\"height:1rem\" aria-hidden=\"true\" class=\"wp-block-spacer\"><\/div>\n\n\n\n<p class=\"has-text-align-center\">in der <strong>Mess-und Pr\u00fcftechnik<\/strong>, der <strong>Schienenverkehrstechnik<\/strong>, <strong>sowie der Bauwerks\u00fcberwachung<\/strong>und realisiert Projekte in der <strong>Softwareentwicklung<\/strong> und in den <strong>KI-Anwendungen<\/strong>.<\/p>\n\n\n\n<div class=\"wp-block-group is-content-justification-center is-nowrap is-layout-flex wp-container-core-group-layout-5 wp-block-group-is-layout-flex\">\n<div class=\"wp-block-buttons is-content-justification-center is-layout-flex wp-container-core-buttons-layout-3 wp-block-buttons-is-layout-flex\">\n<div class=\"wp-block-button\"><a class=\"wp-block-button__link wp-element-button\" href=\"https:\/\/www.prodat.de\/cms\/beratungsleistungen\">Beratung<\/a><\/div>\n\n\n\n<div class=\"wp-block-button\"><a class=\"wp-block-button__link wp-element-button\" href=\"https:\/\/www.prodat.de\/cms\/kontakt\">Kontakt<\/a><\/div>\n<\/div>\n<\/div>\n\n\n\n<div style=\"height:var(--wp--preset--spacing--20);width:0px\" aria-hidden=\"true\" class=\"wp-block-spacer\"><\/div>\n<\/div>\n<\/div>\n<\/div>\n\n\n\n<div style=\"height:var(--wp--preset--spacing--30)\" aria-hidden=\"true\" class=\"wp-block-spacer\"><\/div>\n\n\n\n<div class=\"wp-block-group alignfull has-base-2-background-color has-background has-global-padding is-layout-constrained wp-block-group-is-layout-constrained\" style=\"margin-top:0;margin-bottom:0;padding-top:var(--wp--preset--spacing--50);padding-right:var(--wp--preset--spacing--50);padding-bottom:var(--wp--preset--spacing--50);padding-left:var(--wp--preset--spacing--50)\">\n<div class=\"wp-block-columns alignwide is-layout-flex wp-container-core-columns-layout-2 wp-block-columns-is-layout-flex\">\n<div class=\"wp-block-column is-layout-flow wp-container-core-column-layout-4 wp-block-column-is-layout-flow\">\n<h3 class=\"wp-block-heading has-text-align-left is-style-asterisk has-body-font-family has-medium-font-size\" style=\"font-style:normal;font-weight:600\">Produkte<\/h3>\n\n\n\n<p class=\"has-text-align-left\">Mess- und Pr\u00fcfsysteme zur Pr\u00fcfung von Schienenfahrzeugen, bspw. Bremspr\u00fcfsysteme und Radaufstandskraftmesseinrichtungen, Software wie SO-RKM oder SO-BKM oder Sensoren zur Kraft- und Druckmessung.<\/p>\n\n\n\n<p><a href=\"https:\/\/www.prodat.de\/cms\/produkte\">&gt;&gt; Weitere Informationen<\/a><\/p>\n<\/div>\n\n\n\n<div class=\"wp-block-column is-layout-flow wp-container-core-column-layout-5 wp-block-column-is-layout-flow\">\n<h3 class=\"wp-block-heading has-text-align-left is-style-asterisk has-body-font-family has-medium-font-size\" style=\"font-style:normal;font-weight:600\">L\u00f6sungen<\/h3>\n\n\n\n<p class=\"has-text-align-left\">Wir liefern L\u00f6sungen, f\u00fcr ihre Herausforderungen.<\/p>\n\n\n\n<p><a href=\"https:\/\/www.prodat.de\/cms\/produkte\">&gt;&gt; <\/a><a href=\"https:\/\/www.prodat.de\/cms\/loesungen\">Weitere Informationen<\/a><\/p>\n<\/div>\n\n\n\n<div class=\"wp-block-column is-layout-flow wp-container-core-column-layout-6 wp-block-column-is-layout-flow\">\n<h3 class=\"wp-block-heading has-text-align-left is-style-asterisk has-body-font-family has-medium-font-size\" style=\"font-style:normal;font-weight:600\">Dienstleistungen &amp; Service<\/h3>\n\n\n\n<p class=\"has-text-align-left\">Von Entwicklungsleistungen (Hardware, Software) \u00fcber Messeins\u00e4tze (Radlastmessung, Bremspr\u00fcfung) und Mietsystembereitstellung, bis hin zum Kalibrierservice bieten wir eine Reihe von Dienstleistungen an, auf die Sie zur\u00fcck greifen k\u00f6nnen.<\/p>\n\n\n\n<p><a href=\"https:\/\/www.prodat.de\/cms\/dienstleistungen-service\">&gt;&gt; Weitere Informationen<\/a><\/p>\n<\/div>\n<\/div>\n\n\n\n<div style=\"height:var(--wp--preset--spacing--20)\" aria-hidden=\"true\" class=\"wp-block-spacer\"><\/div>\n\n\n\n<div class=\"wp-block-columns alignwide is-layout-flex wp-container-core-columns-layout-3 wp-block-columns-is-layout-flex\">\n<div class=\"wp-block-column is-layout-flow wp-container-core-column-layout-7 wp-block-column-is-layout-flow\">\n<h3 class=\"wp-block-heading has-text-align-left is-style-asterisk has-body-font-family has-medium-font-size\" style=\"font-style:normal;font-weight:600\">Beratung &amp; Schulung<\/h3>\n\n\n\n<p class=\"has-text-align-left\">Beratungs- und Schulungsleistungen zu unseren Standardprodukten und Dienstleistungen, sowie den zugeh\u00f6rigen Themenfeldern.<\/p>\n\n\n\n<p><a href=\"https:\/\/www.prodat.de\/cms\/produkte\">&gt;&gt; Weitere In<\/a><a href=\"https:\/\/www.prodat.de\/cms\/beratungsleistungen\">formationen<\/a><\/p>\n<\/div>\n\n\n\n<div class=\"wp-block-column is-layout-flow wp-container-core-column-layout-8 wp-block-column-is-layout-flow\">\n<h3 class=\"wp-block-heading has-text-align-left is-style-asterisk has-body-font-family has-medium-font-size\" style=\"font-style:normal;font-weight:600\">KI-Dienstleistungen<\/h3>\n\n\n\n<p class=\"has-text-align-left\">Die PRODAT ist sowohl Anbieter, als auch Entwickler im Bereich der KI-Anwendungen und KI-Integration mit einem Schwerpunkt auf L\u00f6sungen f\u00fcr KMU.<\/p>\n\n\n\n<p><a href=\"https:\/\/www.prodat.de\/cms\/produkte\">&gt;&gt; Weitere In<\/a><a href=\"https:\/\/www.prodat.de\/cms\/beratungsleistungen\">formationen<\/a><\/p>\n<\/div>\n\n\n\n<div class=\"wp-block-column is-layout-flow wp-container-core-column-layout-9 wp-block-column-is-layout-flow\">\n<h3 class=\"wp-block-heading has-text-align-left is-style-asterisk has-body-font-family has-medium-font-size\" style=\"font-style:normal;font-weight:600\">Forschung &amp; Entwicklung<\/h3>\n\n\n\n<p class=\"has-text-align-left\">Die PRODAT, als innovatives und forschendes KMU, wirkt wiederkehrend in F&amp;E Verbundvorhaben mit. Profitieren Sie von unseren Erfahrungen bei der Antragsstellung oder in der Projektmitwirkung.<\/p>\n\n\n\n<p><a href=\"https:\/\/www.prodat.de\/cms\/forschung-und-entwicklung\">&gt;&gt; Weitere Informationen<\/a><\/p>\n<\/div>\n<\/div>\n<\/div>\n\n\n\n<div class=\"wp-block-group alignfull has-global-padding is-layout-constrained wp-block-group-is-layout-constrained\" style=\"margin-top:0;margin-bottom:0;padding-top:var(--wp--preset--spacing--50);padding-right:var(--wp--preset--spacing--50);padding-bottom:var(--wp--preset--spacing--50);padding-left:var(--wp--preset--spacing--50)\">\n<div class=\"wp-block-group alignwide has-global-padding is-layout-constrained wp-container-core-group-layout-9 wp-block-group-is-layout-constrained\">\n<div class=\"wp-block-group is-vertical is-content-justification-center is-layout-flex wp-container-core-group-layout-8 wp-block-group-is-layout-flex\">\n<h2 class=\"wp-block-heading has-text-align-center is-style-asterisk\">Schaufenster<\/h2>\n\n\n\n<p class=\"has-text-align-center is-layout-flow wp-block-paragraph-is-layout-flow\">eine Auswahl unserer Produkte, Dienstleistungen, L\u00f6sungen und besonderer Angebote.<\/p>\n<\/div>\n\n\n\n<div style=\"height:var(--wp--preset--spacing--40)\" aria-hidden=\"true\" class=\"wp-block-spacer\"><\/div>\n\n\n\n<div class=\"wp-block-columns alignwide is-layout-flex wp-container-core-columns-layout-4 wp-block-columns-is-layout-flex\">\n<div class=\"wp-block-column is-vertically-aligned-center is-layout-flow wp-block-column-is-layout-flow\" style=\"flex-basis:40%\">\n<h3 class=\"wp-block-heading is-style-asterisk\">Bauwerks\u00fcberwachung &#8211; Monitoringsysteme (BMON)<\/h3>\n\n\n\n<ul style=\"line-height:1.75\" class=\"is-style-checkmark-list\">\n<li>dauerhafte oder zeitweise \u00dcberwachung von Bauwerken<\/li>\n\n\n\n<li>Schwerpunkt Gro\u00dfbauwerke wie Br\u00fccken, Kanalbr\u00fccken, Bauwerke des Wasserbaus<\/li>\n\n\n\n<li>L\u00f6sungen auch f\u00fcr schwierige \u00dcberwachungsaufgaben, bspw. Unterwasser bei erh\u00f6htem Druck<\/li>\n\n\n\n<li>Anwendungsbeispiel: Messsystem an der Kanalbr\u00fccke Magdeburg (BMON BR\u00dcCKE)<\/li>\n\n\n\n<li>Anwendungsbeispiel: Messsystem Pumpwerk an der Sparschleuse Rothensee<\/li>\n<\/ul>\n\n\n\n<div class=\"wp-block-buttons is-content-justification-center is-layout-flex wp-container-core-buttons-layout-4 wp-block-buttons-is-layout-flex\">\n<div class=\"wp-block-button\"><a class=\"wp-block-button__link wp-element-button\" href=\"https:\/\/www.prodat.de\/cms\/loesungen\/bauwerksueberwachung-kanalbruecke-magdeburg\">Bauwerks\u00fcberwachung &#8211; Wasserstra\u00dfenkreuz Magdeburg<\/a><\/div>\n<\/div>\n<\/div>\n\n\n\n<div class=\"wp-block-column is-layout-flow wp-block-column-is-layout-flow\" style=\"flex-basis:50%\">\n<div style=\"height:var(--wp--preset--spacing--50)\" aria-hidden=\"true\" class=\"wp-block-spacer\"><\/div>\n\n\n\n<figure class=\"wp-block-image size-large has-custom-border\"><img decoding=\"async\" width=\"1024\" height=\"689\" src=\"https:\/\/www.prodat.de\/cms\/wp-content\/uploads\/2024\/03\/prodat_bmon_mittellandkanal-1024x689.jpg\" alt=\"Messsystem Kanalbr\u00fccke Magdeburg - Luftbild des Wasserstra\u00dfenkreuzes\" class=\"wp-image-3836\" style=\"border-radius:20px\" srcset=\"https:\/\/www.prodat.de\/cms\/wp-content\/uploads\/2024\/03\/prodat_bmon_mittellandkanal-1024x689.jpg 1024w, https:\/\/www.prodat.de\/cms\/wp-content\/uploads\/2024\/03\/prodat_bmon_mittellandkanal-300x202.jpg 300w, https:\/\/www.prodat.de\/cms\/wp-content\/uploads\/2024\/03\/prodat_bmon_mittellandkanal-768x517.jpg 768w, https:\/\/www.prodat.de\/cms\/wp-content\/uploads\/2024\/03\/prodat_bmon_mittellandkanal-1536x1033.jpg 1536w, https:\/\/www.prodat.de\/cms\/wp-content\/uploads\/2024\/03\/prodat_bmon_mittellandkanal-2048x1378.jpg 2048w\" sizes=\"(max-width: 1024px) 100vw, 1024px\" \/><\/figure>\n<\/div>\n<\/div>\n\n\n\n<div style=\"height:var(--wp--preset--spacing--40)\" aria-hidden=\"true\" class=\"wp-block-spacer\"><\/div>\n\n\n\n<div class=\"wp-block-columns alignwide is-layout-flex wp-container-core-columns-layout-5 wp-block-columns-is-layout-flex\">\n<div class=\"wp-block-column is-layout-flow wp-block-column-is-layout-flow\" style=\"flex-basis:50%\">\n<figure class=\"wp-block-image size-large has-custom-border is-style-rounded\"><img decoding=\"async\" width=\"1024\" height=\"576\" src=\"https:\/\/www.prodat.de\/cms\/wp-content\/uploads\/2020\/08\/rkm_s_g3_sankt_margrethen-1024x576.jpg\" alt=\"RKM-S station\u00e4re Radaufstandskraftmesseinrichtung (in einer Sonderausf\u00fchrung)\" class=\"wp-image-392\" style=\"border-radius:20px\" srcset=\"https:\/\/www.prodat.de\/cms\/wp-content\/uploads\/2020\/08\/rkm_s_g3_sankt_margrethen-1024x576.jpg 1024w, https:\/\/www.prodat.de\/cms\/wp-content\/uploads\/2020\/08\/rkm_s_g3_sankt_margrethen-300x169.jpg 300w, https:\/\/www.prodat.de\/cms\/wp-content\/uploads\/2020\/08\/rkm_s_g3_sankt_margrethen-768x432.jpg 768w, https:\/\/www.prodat.de\/cms\/wp-content\/uploads\/2020\/08\/rkm_s_g3_sankt_margrethen-1536x864.jpg 1536w, https:\/\/www.prodat.de\/cms\/wp-content\/uploads\/2020\/08\/rkm_s_g3_sankt_margrethen-2048x1152.jpg 2048w, https:\/\/www.prodat.de\/cms\/wp-content\/uploads\/2020\/08\/rkm_s_g3_sankt_margrethen-150x84.jpg 150w\" sizes=\"(max-width: 1024px) 100vw, 1024px\" \/><\/figure>\n\n\n\n<p class=\"has-text-align-center\"><em>Station\u00e4re Radaufstandskraftmesseinrichtung &#8211; Sonderausf\u00fchrung im 3-Schienengleis<\/em><\/p>\n\n\n\n<figure class=\"wp-block-image size-large has-custom-border is-style-rounded\"><img loading=\"lazy\" decoding=\"async\" width=\"1024\" height=\"768\" src=\"https:\/\/www.prodat.de\/cms\/wp-content\/uploads\/2024\/03\/2023-03-03-13.36-3-1024x768.jpeg\" alt=\"RKM-M mobile Radaufstandskraftmesseinrichtung\" class=\"wp-image-3527\" style=\"border-radius:20px\" srcset=\"https:\/\/www.prodat.de\/cms\/wp-content\/uploads\/2024\/03\/2023-03-03-13.36-3-1024x768.jpeg 1024w, https:\/\/www.prodat.de\/cms\/wp-content\/uploads\/2024\/03\/2023-03-03-13.36-3-300x225.jpeg 300w, https:\/\/www.prodat.de\/cms\/wp-content\/uploads\/2024\/03\/2023-03-03-13.36-3-768x576.jpeg 768w, https:\/\/www.prodat.de\/cms\/wp-content\/uploads\/2024\/03\/2023-03-03-13.36-3-1536x1152.jpeg 1536w, https:\/\/www.prodat.de\/cms\/wp-content\/uploads\/2024\/03\/2023-03-03-13.36-3-2048x1536.jpeg 2048w\" sizes=\"(max-width: 1024px) 100vw, 1024px\" \/><\/figure>\n\n\n\n<p class=\"has-text-align-center\"><em>Mobile Radaufstandskraftmesseinrichtung im Grubengleis &#8211; drehgestellweise Messung bei zeitweiser Installation<\/em><\/p>\n<\/div>\n\n\n\n<div class=\"wp-block-column is-vertically-aligned-center is-layout-flow wp-block-column-is-layout-flow\" style=\"flex-basis:40%\">\n<h3 class=\"wp-block-heading is-style-asterisk\">Mess- und Pr\u00fcfsysteme zur Radlastmessung f\u00fcr die Schienenverkehrstechnik<\/h3>\n\n\n\n<ul style=\"line-height:1.75\" class=\"is-style-checkmark-list\">\n<li>seit \u00fcber 20 Jahren in technischer Verwendung<\/li>\n\n\n\n<li>reichhaltiger Baukasten mit breiter L\u00f6sungsvielfalt<\/li>\n\n\n\n<li>breiter Erfahrungsschatz von dem Sie profitieren k\u00f6nnen<\/li>\n\n\n\n<li>auch genannt RAKME, Gleiswaage, Radlastmesssystem, typischer Bestandteil eines Messgleises<\/li>\n\n\n\n<li>Ermittlung von Radaufstandskr\u00e4ften und davon abgeleiteten Messgr\u00f6\u00dfen (bspw. Masse, Achslasten, usw.)<\/li>\n\n\n\n<li><strong><em><a href=\"https:\/\/www.prodat.de\/cms\/produkte\/mobile-radlastmesseinrichtungen-rakme-fuer-die-schienenverkehrstechnik-rkm-m\">mobile Bauformen<\/a><\/em><\/strong> (RKM-M) &#8211; zeitweise im Gleis verbleibend, auch zur quasi-station\u00e4ren Nutzung einsetzbar, Messung \u00fcber den Spurkranz<\/li>\n\n\n\n<li><strong><em><a href=\"https:\/\/www.prodat.de\/cms\/produkte\/stationaere-radlastmesseinrichtungen-rakme-fuer-die-schienenverkehrstechnik-rkm-s\">station\u00e4re Bauformen<\/a><\/em><\/strong> (RKM-S) dauerhaft im Gleis verbleibend, Einbau in ein Messgleis, Messung \u00fcber die Lauffl\u00e4che<\/li>\n\n\n\n<li>konstruktive Sonderl\u00f6sungen und Systemintegrationsvarianten<\/li>\n<\/ul>\n\n\n\n<div class=\"wp-block-buttons is-content-justification-center is-layout-flex wp-container-core-buttons-layout-5 wp-block-buttons-is-layout-flex\">\n<div class=\"wp-block-button\"><a class=\"wp-block-button__link wp-element-button\">Mobile Radaufstandskraftmessung PRODAT RKM-M<\/a><\/div>\n\n\n\n<div class=\"wp-block-button\"><a class=\"wp-block-button__link has-text-align-center wp-element-button\">Station\u00e4re Radaufstandskraftmessung PRODAT RKM-S<\/a><\/div>\n<\/div>\n<\/div>\n<\/div>\n\n\n\n<div style=\"height:var(--wp--preset--spacing--40)\" aria-hidden=\"true\" class=\"wp-block-spacer\"><\/div>\n\n\n\n<div class=\"wp-block-columns alignwide is-layout-flex wp-container-core-columns-layout-6 wp-block-columns-is-layout-flex\">\n<div class=\"wp-block-column is-vertically-aligned-center is-layout-flow wp-block-column-is-layout-flow\" style=\"flex-basis:40%\">\n<h3 class=\"wp-block-heading is-style-asterisk\">Mess- und Pr\u00fcfsysteme f\u00fcr Schienenfahrzeugbremsen<\/h3>\n\n\n\n<ul style=\"line-height:1.75\" class=\"is-style-checkmark-list\">\n<li>seit \u00fcber 15 Jahren in breiter, technischer Verwendung<\/li>\n\n\n\n<li>Ausf\u00fchrungen mit kabelgebundenen und\/oder drahtlosen (Funk) Sensoren, je nach Kundenwunsch<\/li>\n\n\n\n<li>reichhaltiger Systembaukasten mit breiter L\u00f6sungsvielfalt, insbesondere hinsichtlich der m\u00f6glichen Sensoren zur Kraftmessung, f\u00fcr vielf\u00e4ltige Anwendungen<\/li>\n\n\n\n<li>breiter Erfahrungsschatz von dem Sie profitieren k\u00f6nnen<\/li>\n\n\n\n<li>Produkte und L\u00f6sung mit dem Schwerpunkt Kraftmessung, Druckmessung sowie Kraft- und Druckmessung<\/li>\n\n\n\n<li>Integration von Steuereinheiten zur \u00dcbernahme der Aufgaben eines F\u00fchrerbremsventils<\/li>\n\n\n\n<li>Ermittlung von betriebszustandsabh\u00e4ngigen Bremsdruck und Bremsanpresskraftwerten, sowie deren zeitlichen Verl\u00e4ufen. <\/li>\n\n\n\n<li>Ermittlung von Halte- und L\u00f6sezeiten<\/li>\n\n\n\n<li>konstruktive Sonderl\u00f6sungen und anwendungsspezifische Konfiguration<\/li>\n<\/ul>\n\n\n\n<div class=\"wp-block-buttons is-content-justification-center is-layout-flex wp-container-core-buttons-layout-6 wp-block-buttons-is-layout-flex\">\n<div class=\"wp-block-button\"><a class=\"wp-block-button__link has-text-align-center wp-element-button\" href=\"https:\/\/www.prodat.de\/cms\/produkte\/mess-und-pruefsysteme-fuer-die-bremsen-von-schienenfahrzeugen\/bremskraftsensoren\">Bremskraftsensoren (Sensoren zur Bremsanpresskraftmessung)<\/a><\/div>\n\n\n\n<div class=\"wp-block-button\"><a class=\"wp-block-button__link has-text-align-center wp-element-button\" href=\"https:\/\/www.prodat.de\/cms\/produkte\/mess-und-pruefsysteme-fuer-die-bremsen-von-schienenfahrzeugen\/bremskraftmesssysteme-bremsanpresskraftmesssysteme\">Bremskraftmesssysteme (BKM)<\/a><\/div>\n\n\n\n<div class=\"wp-block-button\"><a class=\"wp-block-button__link has-text-align-center wp-element-button\" href=\"https:\/\/www.prodat.de\/cms\/produkte\/mess-und-pruefsysteme-fuer-die-bremsen-von-schienenfahrzeugen\/produkte-und-losungen-zur-bremsdruckmessung-prodat-bdm\">Bremsdruckmesssysteme (BDM)<\/a><\/div>\n\n\n\n<div class=\"wp-block-button\"><a class=\"wp-block-button__link wp-element-button\" href=\"https:\/\/www.prodat.de\/cms\/loesungen\/mess-und-prufsystem-bremsprufanlage-bpa\">Systeml\u00f6sung PRODAT BPA &#8211; inkl. Pneumatiksteuerung (\u00dcbernahme Steuerfunktionen des F\u00fchrerbremsventils)<\/a><\/div>\n<\/div>\n<\/div>\n\n\n\n<div class=\"wp-block-column is-layout-flow wp-block-column-is-layout-flow\" style=\"flex-basis:50%\">\n<figure class=\"wp-block-image aligncenter size-large has-custom-border\"><img loading=\"lazy\" decoding=\"async\" width=\"1024\" height=\"473\" src=\"https:\/\/www.prodat.de\/cms\/wp-content\/uploads\/2024\/03\/prodat_bpa_awendung1-1024x473.jpg\" alt=\"PRODAT BPA - Systeml\u00f6sung zur Pr\u00fcfung der Bremssysteme von Schienenfahrzeugen, inkl. Pneumatiksteuerung.\" class=\"wp-image-5092\" style=\"border-radius:20px\" srcset=\"https:\/\/www.prodat.de\/cms\/wp-content\/uploads\/2024\/03\/prodat_bpa_awendung1-1024x473.jpg 1024w, https:\/\/www.prodat.de\/cms\/wp-content\/uploads\/2024\/03\/prodat_bpa_awendung1-300x139.jpg 300w, https:\/\/www.prodat.de\/cms\/wp-content\/uploads\/2024\/03\/prodat_bpa_awendung1-768x355.jpg 768w, https:\/\/www.prodat.de\/cms\/wp-content\/uploads\/2024\/03\/prodat_bpa_awendung1-1536x709.jpg 1536w, https:\/\/www.prodat.de\/cms\/wp-content\/uploads\/2024\/03\/prodat_bpa_awendung1.jpg 1663w\" sizes=\"(max-width: 1024px) 100vw, 1024px\" \/><\/figure>\n\n\n\n<p class=\"has-text-align-center\"><em>L\u00f6sung PRODAT BPA &#8211; Bremspr\u00fcfanlage mit Kraftmessung, und Druckmessung sowie Bremssystemsteuerung (Pneumatikeinheit \u00fcbernimmt Funktionen des F\u00fchrerbremsventils f\u00fcr Zugverb\u00fcnde und Einzelwagen (dargestellt Personenverkehr)<\/em><\/p>\n\n\n\n<figure class=\"wp-block-image aligncenter size-large has-custom-border\"><img loading=\"lazy\" decoding=\"async\" width=\"1024\" height=\"576\" src=\"https:\/\/www.prodat.de\/cms\/wp-content\/uploads\/2024\/03\/20171109_095453-1024x576.jpg\" alt=\"PRODAT Messsystem\" class=\"wp-image-5101\" style=\"border-radius:20px;object-fit:cover\" srcset=\"https:\/\/www.prodat.de\/cms\/wp-content\/uploads\/2024\/03\/20171109_095453-1024x576.jpg 1024w, https:\/\/www.prodat.de\/cms\/wp-content\/uploads\/2024\/03\/20171109_095453-300x169.jpg 300w, https:\/\/www.prodat.de\/cms\/wp-content\/uploads\/2024\/03\/20171109_095453-768x432.jpg 768w, https:\/\/www.prodat.de\/cms\/wp-content\/uploads\/2024\/03\/20171109_095453-1536x864.jpg 1536w, https:\/\/www.prodat.de\/cms\/wp-content\/uploads\/2024\/03\/20171109_095453-2048x1152.jpg 2048w\" sizes=\"(max-width: 1024px) 100vw, 1024px\" \/><\/figure>\n\n\n\n<p class=\"has-text-align-center\"><em>Bremskraftmessung am Fahrzeug. Drahtlose Funksensoren im Fahrzeug eingesetzt. Messung erfolgt im dargestellten Fall mit einem Messlaptop.<\/em><\/p>\n\n\n\n<figure class=\"wp-block-image aligncenter size-large is-resized has-custom-border\"><img loading=\"lazy\" decoding=\"async\" width=\"576\" height=\"1024\" src=\"https:\/\/www.prodat.de\/cms\/wp-content\/uploads\/2024\/03\/20160930_125119-576x1024.jpg\" alt=\"PRODAT BKM-S Bremskraftsensor f\u00fcr Scheibenbremsen in der Anwendung.\" class=\"wp-image-4333\" style=\"border-radius:20px;width:auto;height:450px\" srcset=\"https:\/\/www.prodat.de\/cms\/wp-content\/uploads\/2024\/03\/20160930_125119-576x1024.jpg 576w, https:\/\/www.prodat.de\/cms\/wp-content\/uploads\/2024\/03\/20160930_125119-169x300.jpg 169w, https:\/\/www.prodat.de\/cms\/wp-content\/uploads\/2024\/03\/20160930_125119-768x1365.jpg 768w, https:\/\/www.prodat.de\/cms\/wp-content\/uploads\/2024\/03\/20160930_125119-864x1536.jpg 864w, https:\/\/www.prodat.de\/cms\/wp-content\/uploads\/2024\/03\/20160930_125119-1152x2048.jpg 1152w, https:\/\/www.prodat.de\/cms\/wp-content\/uploads\/2024\/03\/20160930_125119-scaled.jpg 1440w\" sizes=\"(max-width: 576px) 100vw, 576px\" \/><\/figure>\n\n\n\n<p class=\"has-text-align-center\"><em>Bremskraftsensor BKM-S f\u00fcr Scheibenbremsen<\/em><br><em>Darstellung im Anwendungseinsatz<\/em><\/p>\n<\/div>\n<\/div>\n<\/div>\n<\/div>\n\n\n\n<div class=\"wp-block-group has-global-padding is-layout-constrained wp-container-core-group-layout-14 wp-block-group-is-layout-constrained\" style=\"padding-top:var(--wp--preset--spacing--40);padding-right:var(--wp--preset--spacing--40);padding-bottom:var(--wp--preset--spacing--40);padding-left:var(--wp--preset--spacing--40)\">\n<div class=\"wp-block-group alignfull has-base-color has-accent-background-color has-text-color has-background has-global-padding is-layout-constrained wp-block-group-is-layout-constrained\" style=\"border-radius:20px;margin-top:0;margin-bottom:0;padding-top:var(--wp--preset--spacing--60);padding-right:var(--wp--preset--spacing--60);padding-bottom:var(--wp--preset--spacing--60);padding-left:var(--wp--preset--spacing--60)\">\n<div class=\"wp-block-group is-layout-flow wp-block-group-is-layout-flow\">\n<p class=\"has-text-align-center has-base-color has-text-color has-heading-font-family has-x-large-font-size\" style=\"line-height:1.2\"> <em>\u201cInnovation beginnt im Kopf, mit der k\u00fchnen Idee und dem Mut zum Risiko\u201d<\/em> <\/p>\n\n\n\n<div style=\"height:var(--wp--preset--spacing--10)\" aria-hidden=\"true\" class=\"wp-block-spacer\"><\/div>\n\n\n\n<div class=\"wp-block-group is-vertical is-content-justification-center is-nowrap is-layout-flex wp-container-core-group-layout-11 wp-block-group-is-layout-flex\">\n<figure class=\"wp-block-image size-medium has-custom-border is-style-rounded wp-container-content-2\"><img loading=\"lazy\" decoding=\"async\" width=\"300\" height=\"300\" src=\"https:\/\/www.prodat.de\/cms\/wp-content\/uploads\/2024\/03\/d2api_11_17_2023__20_51_26_0__atigerrobotstandingunderatreeinthecitymooninthebackgroundinthestyleofsplitimagebeforeandafterenhancedvers-300x300.png\" alt=\"\" class=\"wp-image-3335\" style=\"border-radius:50%\" srcset=\"https:\/\/www.prodat.de\/cms\/wp-content\/uploads\/2024\/03\/d2api_11_17_2023__20_51_26_0__atigerrobotstandingunderatreeinthecitymooninthebackgroundinthestyleofsplitimagebeforeandafterenhancedvers-300x300.png 300w, https:\/\/www.prodat.de\/cms\/wp-content\/uploads\/2024\/03\/d2api_11_17_2023__20_51_26_0__atigerrobotstandingunderatreeinthecitymooninthebackgroundinthestyleofsplitimagebeforeandafterenhancedvers-150x150.png 150w, https:\/\/www.prodat.de\/cms\/wp-content\/uploads\/2024\/03\/d2api_11_17_2023__20_51_26_0__atigerrobotstandingunderatreeinthecitymooninthebackgroundinthestyleofsplitimagebeforeandafterenhancedvers-768x768.png 768w, https:\/\/www.prodat.de\/cms\/wp-content\/uploads\/2024\/03\/d2api_11_17_2023__20_51_26_0__atigerrobotstandingunderatreeinthecitymooninthebackgroundinthestyleofsplitimagebeforeandafterenhancedvers.png 1024w\" sizes=\"(max-width: 300px) 100vw, 300px\" \/><\/figure>\n\n\n\n<p class=\"has-text-align-center has-base-2-color has-text-color has-link-color wp-elements-91cc59da69ab8316a2d220d286e6c6af\" style=\"margin-top:var(--wp--preset--spacing--10);margin-bottom:0\"><strong>Dr.-Ing. Sebastian Sauer<\/strong><\/p>\n\n\n\n<p class=\"has-text-align-center has-base-color has-text-color has-small-font-size\" style=\"font-style:normal;font-weight:700\">GF\/CEO, PRODAT<\/p>\n<\/div>\n<\/div>\n<\/div>\n<\/div>\n\n\n\n<div class=\"wp-block-group alignfull has-global-padding is-layout-constrained wp-block-group-is-layout-constrained\" style=\"margin-top:0;margin-bottom:0;padding-top:var(--wp--preset--spacing--50);padding-right:var(--wp--preset--spacing--50);padding-bottom:var(--wp--preset--spacing--50);padding-left:var(--wp--preset--spacing--50)\">\n<div class=\"wp-block-columns is-layout-flex wp-container-core-columns-layout-7 wp-block-columns-is-layout-flex\" style=\"padding-right:0;padding-left:0\">\n<div class=\"wp-block-column is-vertically-aligned-center is-layout-flow wp-block-column-is-layout-flow\" style=\"flex-basis:60%\">\n<h2 class=\"wp-block-heading alignwide is-style-default has-x-large-font-size\" style=\"margin-top:0;margin-bottom:var(--wp--preset--spacing--40);line-height:1\">News &amp; Beitr\u00e4ge<\/h2>\n<\/div>\n\n\n\n<div class=\"wp-block-column is-vertically-aligned-top is-layout-flow wp-block-column-is-layout-flow\" style=\"flex-basis:40%\">\n<div class=\"wp-block-buttons is-layout-flex wp-block-buttons-is-layout-flex\">\n<div class=\"wp-block-button\"><a class=\"wp-block-button__link wp-element-button\" href=\"https:\/\/www.prodat.de\/cms\/blog\">&gt;&gt; News &amp;  Blog<\/a><\/div>\n<\/div>\n<\/div>\n<\/div>\n\n\n\n<div class=\"wp-block-group alignwide has-global-padding is-layout-constrained wp-block-group-is-layout-constrained\">\n<div class=\"wp-block-query alignwide is-layout-flow wp-block-query-is-layout-flow\"><ul class=\"wp-block-post-template is-layout-flow wp-block-post-template-is-layout-flow\"><li class=\"wp-block-post post-7512 post type-post status-publish format-standard has-post-thumbnail hentry category-allgemeines-news category-fe-forschung-und-entwicklung\">\n\n<hr class=\"wp-block-separator has-text-color has-contrast-3-color has-alpha-channel-opacity has-contrast-3-background-color has-background alignwide is-style-wide\"\/>\n\n\n\n<div class=\"wp-block-columns alignwide are-vertically-aligned-center is-layout-flex wp-container-core-columns-layout-8 wp-block-columns-is-layout-flex\" style=\"margin-top:var(--wp--preset--spacing--20);margin-bottom:var(--wp--preset--spacing--20)\">\n<div class=\"wp-block-column is-vertically-aligned-center is-layout-flow wp-block-column-is-layout-flow\" style=\"flex-basis:72%\"><h2 style=\"font-size:clamp(0.984rem, 0.984rem + ((1vw - 0.2rem) * 0.86), 1.5rem);line-height:1.1;\" class=\"wp-block-post-title\"><a href=\"https:\/\/www.prodat.de\/cms\/blog\/allgemeines-news\/2026\/bauwerksuberwachung-am-ulmer-tor-in-biberach\" target=\"_self\" >Bauwerks\u00fcberwachung am Ulmer Tor in Biberach<\/a><\/h2><\/div>\n\n\n\n<div class=\"wp-block-column is-vertically-aligned-center is-layout-flow wp-block-column-is-layout-flow\" style=\"flex-basis:28%\"><div class=\"wp-block-template-part\">\n\n<div class=\"wp-block-group has-global-padding is-layout-constrained wp-block-group-is-layout-constrained\">\n\t\n\t<div class=\"wp-block-group is-content-justification-left is-layout-flex wp-container-core-group-layout-15 wp-block-group-is-layout-flex\">\n\t\t<div class=\"wp-block-post-date\"><time datetime=\"2026-01-13T10:56:46+01:00\"><a href=\"https:\/\/www.prodat.de\/cms\/blog\/allgemeines-news\/2026\/bauwerksuberwachung-am-ulmer-tor-in-biberach\">Jan 13, 2026<\/a><\/time><\/div>\n\n\t\t\n\t\t<p class=\"has-contrast-2-color has-text-color\">\u2014<\/p>\n\t\t\n\n\t\t\n\t\t<p class=\"has-small-font-size has-contrast-2-color has-text-color\">by<\/p>\n\t\t\n\n\t\t<div class=\"wp-block-post-author-name\"><a href=\"https:\/\/www.prodat.de\/cms\/blog\/author\/editor\" target=\"_self\" class=\"wp-block-post-author-name__link\">PRODAT Redaktion<\/a><\/div>\n\n\t\t<div class=\"taxonomy-category wp-block-post-terms\"><span class=\"wp-block-post-terms__prefix\">in <\/span><a href=\"https:\/\/www.prodat.de\/cms\/cat\/allgemeines-news\" rel=\"tag\">Allgemeines &amp; News<\/a><span class=\"wp-block-post-terms__separator\">, <\/span><a href=\"https:\/\/www.prodat.de\/cms\/cat\/fe-forschung-und-entwicklung\" rel=\"tag\">F&amp;E Forschung und Entwicklung<\/a><\/div>\n\n\t<\/div>\n\t\n<\/div>\n\n\n<\/div><\/div>\n<\/div>\n\n<\/li><li class=\"wp-block-post post-7360 post type-post status-publish format-standard has-post-thumbnail hentry category-allgemeines-news category-fe-forschung-und-entwicklung\">\n\n<hr class=\"wp-block-separator has-text-color has-contrast-3-color has-alpha-channel-opacity has-contrast-3-background-color has-background alignwide is-style-wide\"\/>\n\n\n\n<div class=\"wp-block-columns alignwide are-vertically-aligned-center is-layout-flex wp-container-core-columns-layout-9 wp-block-columns-is-layout-flex\" style=\"margin-top:var(--wp--preset--spacing--20);margin-bottom:var(--wp--preset--spacing--20)\">\n<div class=\"wp-block-column is-vertically-aligned-center is-layout-flow wp-block-column-is-layout-flow\" style=\"flex-basis:72%\"><h2 style=\"font-size:clamp(0.984rem, 0.984rem + ((1vw - 0.2rem) * 0.86), 1.5rem);line-height:1.1;\" class=\"wp-block-post-title\"><a href=\"https:\/\/www.prodat.de\/cms\/blog\/allgemeines-news\/2025\/prodat-report-berichte-schnell-und-ki-assistiert-erstellen\" target=\"_self\" >PRODAT Report &#8211; Berichte schnell und KI-assistiert erstellen<\/a><\/h2><\/div>\n\n\n\n<div class=\"wp-block-column is-vertically-aligned-center is-layout-flow wp-block-column-is-layout-flow\" style=\"flex-basis:28%\"><div class=\"wp-block-template-part\">\n\n<div class=\"wp-block-group has-global-padding is-layout-constrained wp-block-group-is-layout-constrained\">\n\t\n\t<div class=\"wp-block-group is-content-justification-left is-layout-flex wp-container-core-group-layout-17 wp-block-group-is-layout-flex\">\n\t\t<div class=\"wp-block-post-date\"><time datetime=\"2025-06-10T17:57:15+02:00\"><a href=\"https:\/\/www.prodat.de\/cms\/blog\/allgemeines-news\/2025\/prodat-report-berichte-schnell-und-ki-assistiert-erstellen\">Jun 10, 2025<\/a><\/time><\/div>\n\n\t\t\n\t\t<p class=\"has-contrast-2-color has-text-color\">\u2014<\/p>\n\t\t\n\n\t\t\n\t\t<p class=\"has-small-font-size has-contrast-2-color has-text-color\">by<\/p>\n\t\t\n\n\t\t<div class=\"wp-block-post-author-name\"><a href=\"https:\/\/www.prodat.de\/cms\/blog\/author\/editor\" target=\"_self\" class=\"wp-block-post-author-name__link\">PRODAT Redaktion<\/a><\/div>\n\n\t\t<div class=\"taxonomy-category wp-block-post-terms\"><span class=\"wp-block-post-terms__prefix\">in <\/span><a href=\"https:\/\/www.prodat.de\/cms\/cat\/allgemeines-news\" rel=\"tag\">Allgemeines &amp; News<\/a><span class=\"wp-block-post-terms__separator\">, <\/span><a href=\"https:\/\/www.prodat.de\/cms\/cat\/fe-forschung-und-entwicklung\" rel=\"tag\">F&amp;E Forschung und Entwicklung<\/a><\/div>\n\n\t<\/div>\n\t\n<\/div>\n\n\n<\/div><\/div>\n<\/div>\n\n<\/li><li class=\"wp-block-post post-6290 post type-post status-publish format-standard has-post-thumbnail hentry category-allgemeines-news category-hintergrundwissen tag-bahn tag-bahnwesen tag-eisenbahn tag-kraft tag-messsystem tag-norm tag-radaufstandskraft tag-radlast tag-rakme\">\n\n<hr class=\"wp-block-separator has-text-color has-contrast-3-color has-alpha-channel-opacity has-contrast-3-background-color has-background alignwide is-style-wide\"\/>\n\n\n\n<div class=\"wp-block-columns alignwide are-vertically-aligned-center is-layout-flex wp-container-core-columns-layout-10 wp-block-columns-is-layout-flex\" style=\"margin-top:var(--wp--preset--spacing--20);margin-bottom:var(--wp--preset--spacing--20)\">\n<div class=\"wp-block-column is-vertically-aligned-center is-layout-flow wp-block-column-is-layout-flow\" style=\"flex-basis:72%\"><h2 style=\"font-size:clamp(0.984rem, 0.984rem + ((1vw - 0.2rem) * 0.86), 1.5rem);line-height:1.1;\" class=\"wp-block-post-title\"><a href=\"https:\/\/www.prodat.de\/cms\/blog\/allgemeines-news\/2024\/radaufstandskraftmessung-an-schienenfahrzeugen-wissen-im-eisenbahnwesen\" target=\"_self\" >Radaufstandskraftmessung an Schienenfahrzeugen (Wissen im Eisenbahnwesen)<\/a><\/h2><\/div>\n\n\n\n<div class=\"wp-block-column is-vertically-aligned-center is-layout-flow wp-block-column-is-layout-flow\" style=\"flex-basis:28%\"><div class=\"wp-block-template-part\">\n\n<div class=\"wp-block-group has-global-padding is-layout-constrained wp-block-group-is-layout-constrained\">\n\t\n\t<div class=\"wp-block-group is-content-justification-left is-layout-flex wp-container-core-group-layout-19 wp-block-group-is-layout-flex\">\n\t\t<div class=\"wp-block-post-date\"><time datetime=\"2024-03-22T13:20:27+01:00\"><a href=\"https:\/\/www.prodat.de\/cms\/blog\/allgemeines-news\/2024\/radaufstandskraftmessung-an-schienenfahrzeugen-wissen-im-eisenbahnwesen\">Mar 22, 2024<\/a><\/time><\/div>\n\n\t\t\n\t\t<p class=\"has-contrast-2-color has-text-color\">\u2014<\/p>\n\t\t\n\n\t\t\n\t\t<p class=\"has-small-font-size has-contrast-2-color has-text-color\">by<\/p>\n\t\t\n\n\t\t<div class=\"wp-block-post-author-name\"><a href=\"https:\/\/www.prodat.de\/cms\/blog\/author\/editor\" target=\"_self\" class=\"wp-block-post-author-name__link\">PRODAT Redaktion<\/a><\/div>\n\n\t\t<div class=\"taxonomy-category wp-block-post-terms\"><span class=\"wp-block-post-terms__prefix\">in <\/span><a href=\"https:\/\/www.prodat.de\/cms\/cat\/allgemeines-news\" rel=\"tag\">Allgemeines &amp; News<\/a><span class=\"wp-block-post-terms__separator\">, <\/span><a href=\"https:\/\/www.prodat.de\/cms\/cat\/hintergrundwissen\" rel=\"tag\">Hintergrundwissen<\/a><\/div>\n\n\t<\/div>\n\t\n<\/div>\n\n\n<\/div><\/div>\n<\/div>\n\n<\/li><li class=\"wp-block-post post-5830 post type-post status-publish format-standard has-post-thumbnail hentry category-allgemeines-news category-fe-forschung-und-entwicklung tag-fe tag-messsysteme tag-sensorik\">\n\n<hr class=\"wp-block-separator has-text-color has-contrast-3-color has-alpha-channel-opacity has-contrast-3-background-color has-background alignwide is-style-wide\"\/>\n\n\n\n<div class=\"wp-block-columns alignwide are-vertically-aligned-center is-layout-flex wp-container-core-columns-layout-11 wp-block-columns-is-layout-flex\" style=\"margin-top:var(--wp--preset--spacing--20);margin-bottom:var(--wp--preset--spacing--20)\">\n<div class=\"wp-block-column is-vertically-aligned-center is-layout-flow wp-block-column-is-layout-flow\" style=\"flex-basis:72%\"><h2 style=\"font-size:clamp(0.984rem, 0.984rem + ((1vw - 0.2rem) * 0.86), 1.5rem);line-height:1.1;\" class=\"wp-block-post-title\"><a href=\"https:\/\/www.prodat.de\/cms\/blog\/allgemeines-news\/2024\/felaf-faserverbundintegriertes-elektroniksystem-zur-messung-der-flussigkeitsmenge-in-fahrzeugtanksfelaf\" target=\"_self\" >FELAF &#8211; Faserverbundintegriertes Elektroniksystem zur Messung der Fl\u00fcssigkeitsmenge in Fahrzeugtanks<\/a><\/h2><\/div>\n\n\n\n<div class=\"wp-block-column is-vertically-aligned-center is-layout-flow wp-block-column-is-layout-flow\" style=\"flex-basis:28%\"><div class=\"wp-block-template-part\">\n\n<div class=\"wp-block-group has-global-padding is-layout-constrained wp-block-group-is-layout-constrained\">\n\t\n\t<div class=\"wp-block-group is-content-justification-left is-layout-flex wp-container-core-group-layout-21 wp-block-group-is-layout-flex\">\n\t\t<div class=\"wp-block-post-date\"><time datetime=\"2024-03-22T10:04:50+01:00\"><a href=\"https:\/\/www.prodat.de\/cms\/blog\/allgemeines-news\/2024\/felaf-faserverbundintegriertes-elektroniksystem-zur-messung-der-flussigkeitsmenge-in-fahrzeugtanksfelaf\">Mar 22, 2024<\/a><\/time><\/div>\n\n\t\t\n\t\t<p class=\"has-contrast-2-color has-text-color\">\u2014<\/p>\n\t\t\n\n\t\t\n\t\t<p class=\"has-small-font-size has-contrast-2-color has-text-color\">by<\/p>\n\t\t\n\n\t\t<div class=\"wp-block-post-author-name\"><a href=\"https:\/\/www.prodat.de\/cms\/blog\/author\/editor\" target=\"_self\" class=\"wp-block-post-author-name__link\">PRODAT Redaktion<\/a><\/div>\n\n\t\t<div class=\"taxonomy-category wp-block-post-terms\"><span class=\"wp-block-post-terms__prefix\">in <\/span><a href=\"https:\/\/www.prodat.de\/cms\/cat\/allgemeines-news\" rel=\"tag\">Allgemeines &amp; News<\/a><span class=\"wp-block-post-terms__separator\">, <\/span><a href=\"https:\/\/www.prodat.de\/cms\/cat\/fe-forschung-und-entwicklung\" rel=\"tag\">F&amp;E Forschung und Entwicklung<\/a><\/div>\n\n\t<\/div>\n\t\n<\/div>\n\n\n<\/div><\/div>\n<\/div>\n\n<\/li><li class=\"wp-block-post post-5460 post type-post status-publish format-standard has-post-thumbnail hentry category-allgemeines-news category-bremsprufung category-hintergrundwissen tag-bremsprufung tag-schienenverkehrstechnik tag-wissen\">\n\n<hr class=\"wp-block-separator has-text-color has-contrast-3-color has-alpha-channel-opacity has-contrast-3-background-color has-background alignwide is-style-wide\"\/>\n\n\n\n<div class=\"wp-block-columns alignwide are-vertically-aligned-center is-layout-flex wp-container-core-columns-layout-12 wp-block-columns-is-layout-flex\" style=\"margin-top:var(--wp--preset--spacing--20);margin-bottom:var(--wp--preset--spacing--20)\">\n<div class=\"wp-block-column is-vertically-aligned-center is-layout-flow wp-block-column-is-layout-flow\" style=\"flex-basis:72%\"><h2 style=\"font-size:clamp(0.984rem, 0.984rem + ((1vw - 0.2rem) * 0.86), 1.5rem);line-height:1.1;\" class=\"wp-block-post-title\"><a href=\"https:\/\/www.prodat.de\/cms\/blog\/allgemeines-news\/2024\/zustandsorientierte-wartung-und-instandhaltung-von-bremsen-bzw-bremssystemkomponenten\" target=\"_self\" >Zustandsorientierte Wartung und Instandhaltung von Bremsen bzw. Bremssystemkomponenten<\/a><\/h2><\/div>\n\n\n\n<div class=\"wp-block-column is-vertically-aligned-center is-layout-flow wp-block-column-is-layout-flow\" style=\"flex-basis:28%\"><div class=\"wp-block-template-part\">\n\n<div class=\"wp-block-group has-global-padding is-layout-constrained wp-block-group-is-layout-constrained\">\n\t\n\t<div class=\"wp-block-group is-content-justification-left is-layout-flex wp-container-core-group-layout-23 wp-block-group-is-layout-flex\">\n\t\t<div class=\"wp-block-post-date\"><time datetime=\"2024-03-20T16:19:49+01:00\"><a href=\"https:\/\/www.prodat.de\/cms\/blog\/allgemeines-news\/2024\/zustandsorientierte-wartung-und-instandhaltung-von-bremsen-bzw-bremssystemkomponenten\">Mar 20, 2024<\/a><\/time><\/div>\n\n\t\t\n\t\t<p class=\"has-contrast-2-color has-text-color\">\u2014<\/p>\n\t\t\n\n\t\t\n\t\t<p class=\"has-small-font-size has-contrast-2-color has-text-color\">by<\/p>\n\t\t\n\n\t\t<div class=\"wp-block-post-author-name\"><a href=\"https:\/\/www.prodat.de\/cms\/blog\/author\/editor\" target=\"_self\" class=\"wp-block-post-author-name__link\">PRODAT Redaktion<\/a><\/div>\n\n\t\t<div class=\"taxonomy-category wp-block-post-terms\"><span class=\"wp-block-post-terms__prefix\">in <\/span><a href=\"https:\/\/www.prodat.de\/cms\/cat\/allgemeines-news\" rel=\"tag\">Allgemeines &amp; News<\/a><span class=\"wp-block-post-terms__separator\">, <\/span><a href=\"https:\/\/www.prodat.de\/cms\/cat\/bremsprufung\" rel=\"tag\">Bremspr\u00fcfung<\/a><span class=\"wp-block-post-terms__separator\">, <\/span><a href=\"https:\/\/www.prodat.de\/cms\/cat\/hintergrundwissen\" rel=\"tag\">Hintergrundwissen<\/a><\/div>\n\n\t<\/div>\n\t\n<\/div>\n\n\n<\/div><\/div>\n<\/div>\n\n<\/li><li class=\"wp-block-post post-4656 post type-post status-publish format-standard has-post-thumbnail hentry category-allgemeines-news category-hintergrundwissen tag-normen tag-wissen\">\n\n<hr class=\"wp-block-separator has-text-color has-contrast-3-color has-alpha-channel-opacity has-contrast-3-background-color has-background alignwide is-style-wide\"\/>\n\n\n\n<div class=\"wp-block-columns alignwide are-vertically-aligned-center is-layout-flex wp-container-core-columns-layout-13 wp-block-columns-is-layout-flex\" style=\"margin-top:var(--wp--preset--spacing--20);margin-bottom:var(--wp--preset--spacing--20)\">\n<div class=\"wp-block-column is-vertically-aligned-center is-layout-flow wp-block-column-is-layout-flow\" style=\"flex-basis:72%\"><h2 style=\"font-size:clamp(0.984rem, 0.984rem + ((1vw - 0.2rem) * 0.86), 1.5rem);line-height:1.1;\" class=\"wp-block-post-title\"><a href=\"https:\/\/www.prodat.de\/cms\/blog\/allgemeines-news\/2024\/die-gute-alte-din-27201-5-und-die-radaufstandskraftmessung\" target=\"_self\" >Die DIN 27201-5 und die Radaufstandskraftmessung &#8211; klassisch und praktisch, trotz Abk\u00fcndigung<\/a><\/h2><\/div>\n\n\n\n<div class=\"wp-block-column is-vertically-aligned-center is-layout-flow wp-block-column-is-layout-flow\" style=\"flex-basis:28%\"><div class=\"wp-block-template-part\">\n\n<div class=\"wp-block-group has-global-padding is-layout-constrained wp-block-group-is-layout-constrained\">\n\t\n\t<div class=\"wp-block-group is-content-justification-left is-layout-flex wp-container-core-group-layout-25 wp-block-group-is-layout-flex\">\n\t\t<div class=\"wp-block-post-date\"><time datetime=\"2024-03-18T14:38:55+01:00\"><a href=\"https:\/\/www.prodat.de\/cms\/blog\/allgemeines-news\/2024\/die-gute-alte-din-27201-5-und-die-radaufstandskraftmessung\">Mar 18, 2024<\/a><\/time><\/div>\n\n\t\t\n\t\t<p class=\"has-contrast-2-color has-text-color\">\u2014<\/p>\n\t\t\n\n\t\t\n\t\t<p class=\"has-small-font-size has-contrast-2-color has-text-color\">by<\/p>\n\t\t\n\n\t\t<div class=\"wp-block-post-author-name\"><a href=\"https:\/\/www.prodat.de\/cms\/blog\/author\/editor\" target=\"_self\" class=\"wp-block-post-author-name__link\">PRODAT Redaktion<\/a><\/div>\n\n\t\t<div class=\"taxonomy-category wp-block-post-terms\"><span class=\"wp-block-post-terms__prefix\">in <\/span><a href=\"https:\/\/www.prodat.de\/cms\/cat\/allgemeines-news\" rel=\"tag\">Allgemeines &amp; News<\/a><span class=\"wp-block-post-terms__separator\">, <\/span><a href=\"https:\/\/www.prodat.de\/cms\/cat\/hintergrundwissen\" rel=\"tag\">Hintergrundwissen<\/a><\/div>\n\n\t<\/div>\n\t\n<\/div>\n\n\n<\/div><\/div>\n<\/div>\n\n<\/li><li class=\"wp-block-post post-3377 post type-post status-publish format-standard has-post-thumbnail hentry category-allgemeines-news category-fe-forschung-und-entwicklung tag-fe tag-messsysteme\">\n\n<hr class=\"wp-block-separator has-text-color has-contrast-3-color has-alpha-channel-opacity has-contrast-3-background-color has-background alignwide is-style-wide\"\/>\n\n\n\n<div class=\"wp-block-columns alignwide are-vertically-aligned-center is-layout-flex wp-container-core-columns-layout-14 wp-block-columns-is-layout-flex\" style=\"margin-top:var(--wp--preset--spacing--20);margin-bottom:var(--wp--preset--spacing--20)\">\n<div class=\"wp-block-column is-vertically-aligned-center is-layout-flow wp-block-column-is-layout-flow\" style=\"flex-basis:72%\"><h2 style=\"font-size:clamp(0.984rem, 0.984rem + ((1vw - 0.2rem) * 0.86), 1.5rem);line-height:1.1;\" class=\"wp-block-post-title\"><a href=\"https:\/\/www.prodat.de\/cms\/blog\/allgemeines-news\/2024\/forschung-und-entwicklung-fe\" target=\"_self\" >F&#038;E Innovationsvorhaben I-Detekt<\/a><\/h2><\/div>\n\n\n\n<div class=\"wp-block-column is-vertically-aligned-center is-layout-flow wp-block-column-is-layout-flow\" style=\"flex-basis:28%\"><div class=\"wp-block-template-part\">\n\n<div class=\"wp-block-group has-global-padding is-layout-constrained wp-block-group-is-layout-constrained\">\n\t\n\t<div class=\"wp-block-group is-content-justification-left is-layout-flex wp-container-core-group-layout-27 wp-block-group-is-layout-flex\">\n\t\t<div class=\"wp-block-post-date\"><time datetime=\"2024-03-12T12:53:18+01:00\"><a href=\"https:\/\/www.prodat.de\/cms\/blog\/allgemeines-news\/2024\/forschung-und-entwicklung-fe\">Mar 12, 2024<\/a><\/time><\/div>\n\n\t\t\n\t\t<p class=\"has-contrast-2-color has-text-color\">\u2014<\/p>\n\t\t\n\n\t\t\n\t\t<p class=\"has-small-font-size has-contrast-2-color has-text-color\">by<\/p>\n\t\t\n\n\t\t<div class=\"wp-block-post-author-name\"><a href=\"https:\/\/www.prodat.de\/cms\/blog\/author\/editor\" target=\"_self\" class=\"wp-block-post-author-name__link\">PRODAT Redaktion<\/a><\/div>\n\n\t\t<div class=\"taxonomy-category wp-block-post-terms\"><span class=\"wp-block-post-terms__prefix\">in <\/span><a href=\"https:\/\/www.prodat.de\/cms\/cat\/allgemeines-news\" rel=\"tag\">Allgemeines &amp; News<\/a><span class=\"wp-block-post-terms__separator\">, <\/span><a href=\"https:\/\/www.prodat.de\/cms\/cat\/fe-forschung-und-entwicklung\" rel=\"tag\">F&amp;E Forschung und Entwicklung<\/a><\/div>\n\n\t<\/div>\n\t\n<\/div>\n\n\n<\/div><\/div>\n<\/div>\n\n<\/li><li class=\"wp-block-post post-2790 post type-post status-publish format-standard has-post-thumbnail hentry category-allgemeines-news category-fe-forschung-und-entwicklung tag-fe tag-prima\">\n\n<hr class=\"wp-block-separator has-text-color has-contrast-3-color has-alpha-channel-opacity has-contrast-3-background-color has-background alignwide is-style-wide\"\/>\n\n\n\n<div class=\"wp-block-columns alignwide are-vertically-aligned-center is-layout-flex wp-container-core-columns-layout-15 wp-block-columns-is-layout-flex\" style=\"margin-top:var(--wp--preset--spacing--20);margin-bottom:var(--wp--preset--spacing--20)\">\n<div class=\"wp-block-column is-vertically-aligned-center is-layout-flow wp-block-column-is-layout-flow\" style=\"flex-basis:72%\"><h2 style=\"font-size:clamp(0.984rem, 0.984rem + ((1vw - 0.2rem) * 0.86), 1.5rem);line-height:1.1;\" class=\"wp-block-post-title\"><a href=\"https:\/\/www.prodat.de\/cms\/blog\/allgemeines-news\/2024\/f_und_e_prima_workshop_an_der_th_wildau\" target=\"_self\" >F&#038;E Vorhaben PRIMA &#8211;  Workshop der PRODAT und der TH-Wildau<\/a><\/h2><\/div>\n\n\n\n<div class=\"wp-block-column is-vertically-aligned-center is-layout-flow wp-block-column-is-layout-flow\" style=\"flex-basis:28%\"><div class=\"wp-block-template-part\">\n\n<div class=\"wp-block-group has-global-padding is-layout-constrained wp-block-group-is-layout-constrained\">\n\t\n\t<div class=\"wp-block-group is-content-justification-left is-layout-flex wp-container-core-group-layout-29 wp-block-group-is-layout-flex\">\n\t\t<div class=\"wp-block-post-date\"><time datetime=\"2024-03-09T17:08:22+01:00\"><a href=\"https:\/\/www.prodat.de\/cms\/blog\/allgemeines-news\/2024\/f_und_e_prima_workshop_an_der_th_wildau\">Mar 9, 2024<\/a><\/time><\/div>\n\n\t\t\n\t\t<p class=\"has-contrast-2-color has-text-color\">\u2014<\/p>\n\t\t\n\n\t\t\n\t\t<p class=\"has-small-font-size has-contrast-2-color has-text-color\">by<\/p>\n\t\t\n\n\t\t<div class=\"wp-block-post-author-name\"><a href=\"https:\/\/www.prodat.de\/cms\/blog\/author\/editor\" target=\"_self\" class=\"wp-block-post-author-name__link\">PRODAT Redaktion<\/a><\/div>\n\n\t\t<div class=\"taxonomy-category wp-block-post-terms\"><span class=\"wp-block-post-terms__prefix\">in <\/span><a href=\"https:\/\/www.prodat.de\/cms\/cat\/allgemeines-news\" rel=\"tag\">Allgemeines &amp; News<\/a><span class=\"wp-block-post-terms__separator\">, <\/span><a href=\"https:\/\/www.prodat.de\/cms\/cat\/fe-forschung-und-entwicklung\" rel=\"tag\">F&amp;E Forschung und Entwicklung<\/a><\/div>\n\n\t<\/div>\n\t\n<\/div>\n\n\n<\/div><\/div>\n<\/div>\n\n<\/li><li class=\"wp-block-post post-2777 post type-post status-publish format-standard has-post-thumbnail hentry category-allgemeines-news tag-dienstleistungen\">\n\n<hr class=\"wp-block-separator has-text-color has-contrast-3-color has-alpha-channel-opacity has-contrast-3-background-color has-background alignwide is-style-wide\"\/>\n\n\n\n<div class=\"wp-block-columns alignwide are-vertically-aligned-center is-layout-flex wp-container-core-columns-layout-16 wp-block-columns-is-layout-flex\" style=\"margin-top:var(--wp--preset--spacing--20);margin-bottom:var(--wp--preset--spacing--20)\">\n<div class=\"wp-block-column is-vertically-aligned-center is-layout-flow wp-block-column-is-layout-flow\" style=\"flex-basis:72%\"><h2 style=\"font-size:clamp(0.984rem, 0.984rem + ((1vw - 0.2rem) * 0.86), 1.5rem);line-height:1.1;\" class=\"wp-block-post-title\"><a href=\"https:\/\/www.prodat.de\/cms\/blog\/allgemeines-news\/2024\/prodat-aktualisierte-dienstleistungen-zur-kalibrierung-von-sensoren\" target=\"_self\" >PRODAT &#8211; Aktualisierte Dienstleistungen zur Kalibrierung von Sensoren<\/a><\/h2><\/div>\n\n\n\n<div class=\"wp-block-column is-vertically-aligned-center is-layout-flow wp-block-column-is-layout-flow\" style=\"flex-basis:28%\"><div class=\"wp-block-template-part\">\n\n<div class=\"wp-block-group has-global-padding is-layout-constrained wp-block-group-is-layout-constrained\">\n\t\n\t<div class=\"wp-block-group is-content-justification-left is-layout-flex wp-container-core-group-layout-31 wp-block-group-is-layout-flex\">\n\t\t<div class=\"wp-block-post-date\"><time datetime=\"2024-03-09T16:41:18+01:00\"><a href=\"https:\/\/www.prodat.de\/cms\/blog\/allgemeines-news\/2024\/prodat-aktualisierte-dienstleistungen-zur-kalibrierung-von-sensoren\">Mar 9, 2024<\/a><\/time><\/div>\n\n\t\t\n\t\t<p class=\"has-contrast-2-color has-text-color\">\u2014<\/p>\n\t\t\n\n\t\t\n\t\t<p class=\"has-small-font-size has-contrast-2-color has-text-color\">by<\/p>\n\t\t\n\n\t\t<div class=\"wp-block-post-author-name\"><a href=\"https:\/\/www.prodat.de\/cms\/blog\/author\/editor\" target=\"_self\" class=\"wp-block-post-author-name__link\">PRODAT Redaktion<\/a><\/div>\n\n\t\t<div class=\"taxonomy-category wp-block-post-terms\"><span class=\"wp-block-post-terms__prefix\">in <\/span><a href=\"https:\/\/www.prodat.de\/cms\/cat\/allgemeines-news\" rel=\"tag\">Allgemeines &amp; News<\/a><\/div>\n\n\t<\/div>\n\t\n<\/div>\n\n\n<\/div><\/div>\n<\/div>\n\n<\/li><li class=\"wp-block-post post-2771 post type-post status-publish format-standard has-post-thumbnail hentry category-allgemeines-news tag-bremsprufung tag-messsysteme tag-schienenverkehrstechnik tag-sensorik\">\n\n<hr class=\"wp-block-separator has-text-color has-contrast-3-color has-alpha-channel-opacity has-contrast-3-background-color has-background alignwide is-style-wide\"\/>\n\n\n\n<div class=\"wp-block-columns alignwide are-vertically-aligned-center is-layout-flex wp-container-core-columns-layout-17 wp-block-columns-is-layout-flex\" style=\"margin-top:var(--wp--preset--spacing--20);margin-bottom:var(--wp--preset--spacing--20)\">\n<div class=\"wp-block-column is-vertically-aligned-center is-layout-flow wp-block-column-is-layout-flow\" style=\"flex-basis:72%\"><h2 style=\"font-size:clamp(0.984rem, 0.984rem + ((1vw - 0.2rem) * 0.86), 1.5rem);line-height:1.1;\" class=\"wp-block-post-title\"><a href=\"https:\/\/www.prodat.de\/cms\/blog\/allgemeines-news\/2024\/post_mess-und-prufsystem-bremsprufanlage-bpa\" target=\"_self\" >Mess- und Pr\u00fcfsystem Bremspr\u00fcfanlage (BPA)<\/a><\/h2><\/div>\n\n\n\n<div class=\"wp-block-column is-vertically-aligned-center is-layout-flow wp-block-column-is-layout-flow\" style=\"flex-basis:28%\"><div class=\"wp-block-template-part\">\n\n<div class=\"wp-block-group has-global-padding is-layout-constrained wp-block-group-is-layout-constrained\">\n\t\n\t<div class=\"wp-block-group is-content-justification-left is-layout-flex wp-container-core-group-layout-33 wp-block-group-is-layout-flex\">\n\t\t<div class=\"wp-block-post-date\"><time datetime=\"2024-03-09T16:38:54+01:00\"><a href=\"https:\/\/www.prodat.de\/cms\/blog\/allgemeines-news\/2024\/post_mess-und-prufsystem-bremsprufanlage-bpa\">Mar 9, 2024<\/a><\/time><\/div>\n\n\t\t\n\t\t<p class=\"has-contrast-2-color has-text-color\">\u2014<\/p>\n\t\t\n\n\t\t\n\t\t<p class=\"has-small-font-size has-contrast-2-color has-text-color\">by<\/p>\n\t\t\n\n\t\t<div class=\"wp-block-post-author-name\"><a href=\"https:\/\/www.prodat.de\/cms\/blog\/author\/editor\" target=\"_self\" class=\"wp-block-post-author-name__link\">PRODAT Redaktion<\/a><\/div>\n\n\t\t<div class=\"taxonomy-category wp-block-post-terms\"><span class=\"wp-block-post-terms__prefix\">in <\/span><a href=\"https:\/\/www.prodat.de\/cms\/cat\/allgemeines-news\" rel=\"tag\">Allgemeines &amp; News<\/a><\/div>\n\n\t<\/div>\n\t\n<\/div>\n\n\n<\/div><\/div>\n<\/div>\n\n<\/li><li class=\"wp-block-post post-1 post type-post status-publish format-standard has-post-thumbnail hentry category-allgemeines-news category-bremsprufung\">\n\n<hr class=\"wp-block-separator has-text-color has-contrast-3-color has-alpha-channel-opacity has-contrast-3-background-color has-background alignwide is-style-wide\"\/>\n\n\n\n<div class=\"wp-block-columns alignwide are-vertically-aligned-center is-layout-flex wp-container-core-columns-layout-18 wp-block-columns-is-layout-flex\" style=\"margin-top:var(--wp--preset--spacing--20);margin-bottom:var(--wp--preset--spacing--20)\">\n<div class=\"wp-block-column is-vertically-aligned-center is-layout-flow wp-block-column-is-layout-flow\" style=\"flex-basis:72%\"><h2 style=\"font-size:clamp(0.984rem, 0.984rem + ((1vw - 0.2rem) * 0.86), 1.5rem);line-height:1.1;\" class=\"wp-block-post-title\"><a href=\"https:\/\/www.prodat.de\/cms\/blog\/allgemeines-news\/2020\/hallo-welt\" target=\"_self\" >PRODAT CMS &#8211; Webseiten der 2ten Generation &#8211; Website Launch<\/a><\/h2><\/div>\n\n\n\n<div class=\"wp-block-column is-vertically-aligned-center is-layout-flow wp-block-column-is-layout-flow\" style=\"flex-basis:28%\"><div class=\"wp-block-template-part\">\n\n<div class=\"wp-block-group has-global-padding is-layout-constrained wp-block-group-is-layout-constrained\">\n\t\n\t<div class=\"wp-block-group is-content-justification-left is-layout-flex wp-container-core-group-layout-35 wp-block-group-is-layout-flex\">\n\t\t<div class=\"wp-block-post-date\"><time datetime=\"2020-08-16T21:34:38+02:00\"><a href=\"https:\/\/www.prodat.de\/cms\/blog\/allgemeines-news\/2020\/hallo-welt\">Aug 16, 2020<\/a><\/time><\/div>\n\n\t\t\n\t\t<p class=\"has-contrast-2-color has-text-color\">\u2014<\/p>\n\t\t\n\n\t\t\n\t\t<p class=\"has-small-font-size has-contrast-2-color has-text-color\">by<\/p>\n\t\t\n\n\t\t<div class=\"wp-block-post-author-name\"><a href=\"https:\/\/www.prodat.de\/cms\/blog\/author\/editor\" target=\"_self\" class=\"wp-block-post-author-name__link\">PRODAT Redaktion<\/a><\/div>\n\n\t\t<div class=\"taxonomy-category wp-block-post-terms\"><span class=\"wp-block-post-terms__prefix\">in <\/span><a href=\"https:\/\/www.prodat.de\/cms\/cat\/allgemeines-news\" rel=\"tag\">Allgemeines &amp; News<\/a><span class=\"wp-block-post-terms__separator\">, <\/span><a href=\"https:\/\/www.prodat.de\/cms\/cat\/bremsprufung\" rel=\"tag\">Bremspr\u00fcfung<\/a><\/div>\n\n\t<\/div>\n\t\n<\/div>\n\n\n<\/div><\/div>\n<\/div>\n\n<\/li><\/ul>\n\n\n<div style=\"height:var(--wp--preset--spacing--30)\" aria-hidden=\"true\" class=\"wp-block-spacer\"><\/div>\n\n\n\n\n<\/div>\n<\/div>\n<\/div>\n","protected":false},"excerpt":{"rendered":"<p>Die PRODAT ist .. ein Systemanbieter von L\u00f6sungen! in den Bereichen der Messtechnik, Sensorik, Automatisierungstechnik (MSR), IT sowie der Hardware- und Softwareentwicklung. Wir integrieren und nutzen KI Systeme. bietet .. standardisierte Systeme und individuelle Einzell\u00f6sungen an. Dies beinhaltet Konzeption, Entwicklung, Test, Dokumentation, Schulung und langj\u00e4hrigen Service. Wiederkehrend werden auch Forschungs- und Entwicklungsprojekte realisiert. arbeitet .. [&hellip;]<\/p>\n","protected":false},"author":2,"featured_media":4827,"parent":0,"menu_order":0,"comment_status":"closed","ping_status":"closed","template":"page-no-title","meta":{"footnotes":""},"yoast_head":"<!-- This site is optimized with the Yoast SEO plugin v22.2 - https:\/\/yoast.com\/wordpress\/plugins\/seo\/ -->\n<title>PRODAT L\u00f6sungen - Willkommen! - PRODAT<\/title>\n<meta name=\"description\" content=\"PRODAT - Wir liefern L\u00f6sungen. Messtechnik &amp; Sensorik. Software- und Produktentwicklung. KI-Integration &amp; Anwendung. Beratung &amp; Service.\" \/>\n<meta name=\"robots\" content=\"index, follow, max-snippet:-1, max-image-preview:large, max-video-preview:-1\" \/>\n<link rel=\"canonical\" href=\"https:\/\/www.prodat.de\/cms\/\" \/>\n<meta property=\"og:locale\" content=\"en_US\" \/>\n<meta property=\"og:type\" content=\"article\" \/>\n<meta property=\"og:title\" content=\"PRODAT L\u00f6sungen - Willkommen! - PRODAT\" \/>\n<meta property=\"og:description\" content=\"PRODAT - Wir liefern L\u00f6sungen. Messtechnik &amp; Sensorik. Software- und Produktentwicklung. KI-Integration &amp; Anwendung. Beratung &amp; Service.\" \/>\n<meta property=\"og:url\" content=\"https:\/\/www.prodat.de\/cms\/\" \/>\n<meta property=\"og:site_name\" content=\"PRODAT\" \/>\n<meta property=\"article:modified_time\" content=\"2026-01-27T10:55:09+00:00\" \/>\n<meta property=\"og:image\" content=\"https:\/\/www.prodat.de\/cms\/wp-content\/uploads\/2024\/03\/conflict.2023-11-09-09-14-36_IMG_20190911_153934-scaled.jpg\" \/>\n\t<meta property=\"og:image:width\" content=\"2560\" \/>\n\t<meta property=\"og:image:height\" content=\"1920\" \/>\n\t<meta property=\"og:image:type\" content=\"image\/jpeg\" \/>\n<meta name=\"twitter:card\" content=\"summary_large_image\" \/>\n<meta name=\"twitter:label1\" content=\"Est. reading time\" \/>\n\t<meta name=\"twitter:data1\" content=\"5 minutes\" \/>\n<script type=\"application\/ld+json\" class=\"yoast-schema-graph\">{\"@context\":\"https:\/\/schema.org\",\"@graph\":[{\"@type\":\"WebPage\",\"@id\":\"https:\/\/www.prodat.de\/cms\/\",\"url\":\"https:\/\/www.prodat.de\/cms\/\",\"name\":\"PRODAT L\u00f6sungen - Willkommen! - PRODAT\",\"isPartOf\":{\"@id\":\"https:\/\/www.prodat.de\/cms\/#website\"},\"primaryImageOfPage\":{\"@id\":\"https:\/\/www.prodat.de\/cms\/#primaryimage\"},\"image\":{\"@id\":\"https:\/\/www.prodat.de\/cms\/#primaryimage\"},\"thumbnailUrl\":\"https:\/\/www.prodat.de\/cms\/wp-content\/uploads\/2024\/03\/conflict.2023-11-09-09-14-36_IMG_20190911_153934-scaled.jpg\",\"datePublished\":\"2024-03-09T15:14:09+00:00\",\"dateModified\":\"2026-01-27T10:55:09+00:00\",\"description\":\"PRODAT - Wir liefern L\u00f6sungen. Messtechnik & Sensorik. Software- und Produktentwicklung. KI-Integration & Anwendung. Beratung & Service.\",\"breadcrumb\":{\"@id\":\"https:\/\/www.prodat.de\/cms\/#breadcrumb\"},\"inLanguage\":\"en-US\",\"potentialAction\":[{\"@type\":\"ReadAction\",\"target\":[\"https:\/\/www.prodat.de\/cms\/\"]}]},{\"@type\":\"ImageObject\",\"inLanguage\":\"en-US\",\"@id\":\"https:\/\/www.prodat.de\/cms\/#primaryimage\",\"url\":\"https:\/\/www.prodat.de\/cms\/wp-content\/uploads\/2024\/03\/conflict.2023-11-09-09-14-36_IMG_20190911_153934-scaled.jpg\",\"contentUrl\":\"https:\/\/www.prodat.de\/cms\/wp-content\/uploads\/2024\/03\/conflict.2023-11-09-09-14-36_IMG_20190911_153934-scaled.jpg\",\"width\":2560,\"height\":1920,\"caption\":\"PRODAT DGP - Drehgestellpr\u00fcfstand, System STADLER\"},{\"@type\":\"BreadcrumbList\",\"@id\":\"https:\/\/www.prodat.de\/cms\/#breadcrumb\",\"itemListElement\":[{\"@type\":\"ListItem\",\"position\":1,\"name\":\"www.prodat.de\",\"item\":\"https:\/\/www.prodat.de\/cms\/\"},{\"@type\":\"ListItem\",\"position\":2,\"name\":\"PRODAT L\u00f6sungen &#8211; Willkommen!\"}]},{\"@type\":\"WebSite\",\"@id\":\"https:\/\/www.prodat.de\/cms\/#website\",\"url\":\"https:\/\/www.prodat.de\/cms\/\",\"name\":\"PRODAT (CMS)\",\"description\":\"L\u00f6sungen \/ Solutions\",\"publisher\":{\"@id\":\"https:\/\/www.prodat.de\/cms\/#organization\"},\"alternateName\":\"PRODAT Solutions\/L\u00f6sungen - Website\",\"potentialAction\":[{\"@type\":\"SearchAction\",\"target\":{\"@type\":\"EntryPoint\",\"urlTemplate\":\"https:\/\/www.prodat.de\/cms\/?s={search_term_string}\"},\"query-input\":\"required name=search_term_string\"}],\"inLanguage\":\"en-US\"},{\"@type\":\"Organization\",\"@id\":\"https:\/\/www.prodat.de\/cms\/#organization\",\"name\":\"PRODAT\",\"alternateName\":\"PRODAT L\u00f6sungen \/ Solutions\",\"url\":\"https:\/\/www.prodat.de\/cms\/\",\"logo\":{\"@type\":\"ImageObject\",\"inLanguage\":\"en-US\",\"@id\":\"https:\/\/www.prodat.de\/cms\/#\/schema\/logo\/image\/\",\"url\":\"https:\/\/www.prodat.de\/cms\/wp-content\/uploads\/2024\/03\/prodat_logo_h150px.jpg\",\"contentUrl\":\"https:\/\/www.prodat.de\/cms\/wp-content\/uploads\/2024\/03\/prodat_logo_h150px.jpg\",\"width\":560,\"height\":150,\"caption\":\"PRODAT\"},\"image\":{\"@id\":\"https:\/\/www.prodat.de\/cms\/#\/schema\/logo\/image\/\"}}]}<\/script>\n<!-- \/ Yoast SEO plugin. -->","yoast_head_json":{"title":"PRODAT L\u00f6sungen - Willkommen! - PRODAT","description":"PRODAT - Wir liefern L\u00f6sungen. Messtechnik & Sensorik. Software- und Produktentwicklung. KI-Integration & Anwendung. Beratung & Service.","robots":{"index":"index","follow":"follow","max-snippet":"max-snippet:-1","max-image-preview":"max-image-preview:large","max-video-preview":"max-video-preview:-1"},"canonical":"https:\/\/www.prodat.de\/cms\/","og_locale":"en_US","og_type":"article","og_title":"PRODAT L\u00f6sungen - Willkommen! - PRODAT","og_description":"PRODAT - Wir liefern L\u00f6sungen. Messtechnik & Sensorik. Software- und Produktentwicklung. KI-Integration & Anwendung. Beratung & Service.","og_url":"https:\/\/www.prodat.de\/cms\/","og_site_name":"PRODAT","article_modified_time":"2026-01-27T10:55:09+00:00","og_image":[{"width":2560,"height":1920,"url":"https:\/\/www.prodat.de\/cms\/wp-content\/uploads\/2024\/03\/conflict.2023-11-09-09-14-36_IMG_20190911_153934-scaled.jpg","type":"image\/jpeg"}],"twitter_card":"summary_large_image","twitter_misc":{"Est. reading time":"5 minutes"},"schema":{"@context":"https:\/\/schema.org","@graph":[{"@type":"WebPage","@id":"https:\/\/www.prodat.de\/cms\/","url":"https:\/\/www.prodat.de\/cms\/","name":"PRODAT L\u00f6sungen - Willkommen! - PRODAT","isPartOf":{"@id":"https:\/\/www.prodat.de\/cms\/#website"},"primaryImageOfPage":{"@id":"https:\/\/www.prodat.de\/cms\/#primaryimage"},"image":{"@id":"https:\/\/www.prodat.de\/cms\/#primaryimage"},"thumbnailUrl":"https:\/\/www.prodat.de\/cms\/wp-content\/uploads\/2024\/03\/conflict.2023-11-09-09-14-36_IMG_20190911_153934-scaled.jpg","datePublished":"2024-03-09T15:14:09+00:00","dateModified":"2026-01-27T10:55:09+00:00","description":"PRODAT - Wir liefern L\u00f6sungen. Messtechnik & Sensorik. Software- und Produktentwicklung. KI-Integration & Anwendung. Beratung & Service.","breadcrumb":{"@id":"https:\/\/www.prodat.de\/cms\/#breadcrumb"},"inLanguage":"en-US","potentialAction":[{"@type":"ReadAction","target":["https:\/\/www.prodat.de\/cms\/"]}]},{"@type":"ImageObject","inLanguage":"en-US","@id":"https:\/\/www.prodat.de\/cms\/#primaryimage","url":"https:\/\/www.prodat.de\/cms\/wp-content\/uploads\/2024\/03\/conflict.2023-11-09-09-14-36_IMG_20190911_153934-scaled.jpg","contentUrl":"https:\/\/www.prodat.de\/cms\/wp-content\/uploads\/2024\/03\/conflict.2023-11-09-09-14-36_IMG_20190911_153934-scaled.jpg","width":2560,"height":1920,"caption":"PRODAT DGP - Drehgestellpr\u00fcfstand, System STADLER"},{"@type":"BreadcrumbList","@id":"https:\/\/www.prodat.de\/cms\/#breadcrumb","itemListElement":[{"@type":"ListItem","position":1,"name":"www.prodat.de","item":"https:\/\/www.prodat.de\/cms\/"},{"@type":"ListItem","position":2,"name":"PRODAT L\u00f6sungen &#8211; Willkommen!"}]},{"@type":"WebSite","@id":"https:\/\/www.prodat.de\/cms\/#website","url":"https:\/\/www.prodat.de\/cms\/","name":"PRODAT (CMS)","description":"L\u00f6sungen \/ Solutions","publisher":{"@id":"https:\/\/www.prodat.de\/cms\/#organization"},"alternateName":"PRODAT Solutions\/L\u00f6sungen - Website","potentialAction":[{"@type":"SearchAction","target":{"@type":"EntryPoint","urlTemplate":"https:\/\/www.prodat.de\/cms\/?s={search_term_string}"},"query-input":"required name=search_term_string"}],"inLanguage":"en-US"},{"@type":"Organization","@id":"https:\/\/www.prodat.de\/cms\/#organization","name":"PRODAT","alternateName":"PRODAT L\u00f6sungen \/ Solutions","url":"https:\/\/www.prodat.de\/cms\/","logo":{"@type":"ImageObject","inLanguage":"en-US","@id":"https:\/\/www.prodat.de\/cms\/#\/schema\/logo\/image\/","url":"https:\/\/www.prodat.de\/cms\/wp-content\/uploads\/2024\/03\/prodat_logo_h150px.jpg","contentUrl":"https:\/\/www.prodat.de\/cms\/wp-content\/uploads\/2024\/03\/prodat_logo_h150px.jpg","width":560,"height":150,"caption":"PRODAT"},"image":{"@id":"https:\/\/www.prodat.de\/cms\/#\/schema\/logo\/image\/"}}]}},"_links":{"self":[{"href":"https:\/\/www.prodat.de\/cms\/wp-json\/wp\/v2\/pages\/2743"}],"collection":[{"href":"https:\/\/www.prodat.de\/cms\/wp-json\/wp\/v2\/pages"}],"about":[{"href":"https:\/\/www.prodat.de\/cms\/wp-json\/wp\/v2\/types\/page"}],"author":[{"embeddable":true,"href":"https:\/\/www.prodat.de\/cms\/wp-json\/wp\/v2\/users\/2"}],"replies":[{"embeddable":true,"href":"https:\/\/www.prodat.de\/cms\/wp-json\/wp\/v2\/comments?post=2743"}],"version-history":[{"count":286,"href":"https:\/\/www.prodat.de\/cms\/wp-json\/wp\/v2\/pages\/2743\/revisions"}],"predecessor-version":[{"id":7550,"href":"https:\/\/www.prodat.de\/cms\/wp-json\/wp\/v2\/pages\/2743\/revisions\/7550"}],"wp:featuredmedia":[{"embeddable":true,"href":"https:\/\/www.prodat.de\/cms\/wp-json\/wp\/v2\/media\/4827"}],"wp:attachment":[{"href":"https:\/\/www.prodat.de\/cms\/wp-json\/wp\/v2\/media?parent=2743"}],"curies":[{"name":"wp","href":"https:\/\/api.w.org\/{rel}","templated":true}]}}